{"id":80,"date":"2020-06-04T11:53:42","date_gmt":"2020-06-04T09:53:42","guid":{"rendered":"http:\/\/salondulivrejeunesse.fr\/?page_id=80"},"modified":"2024-11-20T16:29:06","modified_gmt":"2024-11-20T15:29:06","slug":"archives","status":"publish","type":"page","link":"https:\/\/salondulivrejeunesse.fr\/index.php\/archives\/","title":{"rendered":"Archives"},"content":{"rendered":"\n<h2 class=\"wp-block-heading\">2024<\/h2>\n\n\n\n<figure class=\"wp-block-image size-full is-resized\"><a href=\"https:\/\/salondulivrejeunesse.fr\/index.php\/edition-2024\/\"><img fetchpriority=\"high\" decoding=\"async\" width=\"630\" height=\"940\" src=\"https:\/\/salondulivrejeunesse.fr\/wp-content\/uploads\/2024\/11\/Capture-decran-2024-10-07-120435.png\" alt=\"\" class=\"wp-image-4960\" style=\"width:685px;height:auto\" srcset=\"https:\/\/salondulivrejeunesse.fr\/wp-content\/uploads\/2024\/11\/Capture-decran-2024-10-07-120435.png 630w, https:\/\/salondulivrejeunesse.fr\/wp-content\/uploads\/2024\/11\/Capture-decran-2024-10-07-120435-201x300.png 201w\" sizes=\"(max-width: 630px) 100vw, 630px\" \/><\/a><\/figure>\n\n\n\n<h2 class=\"wp-block-heading\">2023<\/h2>\n\n\n\n<figure class=\"wp-block-image size-large\"><a href=\"https:\/\/salondulivrejeunesse.fr\/index.php\/edition-2023\/\"><img decoding=\"async\" width=\"684\" height=\"1024\" src=\"https:\/\/salondulivrejeunesse.fr\/wp-content\/uploads\/2023\/11\/Aff_Salon_Du_Livre_40x601-684x1024.jpg\" alt=\"\" class=\"wp-image-4171\" srcset=\"https:\/\/salondulivrejeunesse.fr\/wp-content\/uploads\/2023\/11\/Aff_Salon_Du_Livre_40x601-684x1024.jpg 684w, https:\/\/salondulivrejeunesse.fr\/wp-content\/uploads\/2023\/11\/Aff_Salon_Du_Livre_40x601-200x300.jpg 200w, https:\/\/salondulivrejeunesse.fr\/wp-content\/uploads\/2023\/11\/Aff_Salon_Du_Livre_40x601-768x1150.jpg 768w, https:\/\/salondulivrejeunesse.fr\/wp-content\/uploads\/2023\/11\/Aff_Salon_Du_Livre_40x601-1026x1536.jpg 1026w, https:\/\/salondulivrejeunesse.fr\/wp-content\/uploads\/2023\/11\/Aff_Salon_Du_Livre_40x601-1368x2048.jpg 1368w, https:\/\/salondulivrejeunesse.fr\/wp-content\/uploads\/2023\/11\/Aff_Salon_Du_Livre_40x601-scaled.jpg 1710w\" sizes=\"(max-width: 684px) 100vw, 684px\" \/><\/a><\/figure>\n\n\n\n<h2 class=\"wp-block-heading\">2022<\/h2>\n\n\n\n<figure class=\"wp-block-image size-full\"><a href=\"https:\/\/salondulivrejeunesse.fr\/index.php\/edition-2022\/\"><img decoding=\"async\" width=\"689\" height=\"991\" src=\"https:\/\/salondulivrejeunesse.fr\/wp-content\/uploads\/2022\/11\/Affiche-2022.png\" alt=\"\" class=\"wp-image-3409\" srcset=\"https:\/\/salondulivrejeunesse.fr\/wp-content\/uploads\/2022\/11\/Affiche-2022.png 689w, https:\/\/salondulivrejeunesse.fr\/wp-content\/uploads\/2022\/11\/Affiche-2022-209x300.png 209w\" sizes=\"(max-width: 689px) 100vw, 689px\" \/><\/a><\/figure>\n\n\n\n<h2 class=\"wp-block-heading\">2021<\/h2>\n\n\n\n<figure class=\"wp-block-image size-large\"><a href=\"https:\/\/salondulivrejeunesse.fr\/index.php\/edition-2021\/\"><img loading=\"lazy\" decoding=\"async\" width=\"694\" height=\"1024\" src=\"https:\/\/salondulivrejeunesse.fr\/wp-content\/uploads\/2021\/10\/SDL-affiche-2021-694x1024.jpg\" alt=\"\" class=\"wp-image-2229\" srcset=\"https:\/\/salondulivrejeunesse.fr\/wp-content\/uploads\/2021\/10\/SDL-affiche-2021-694x1024.jpg 694w, https:\/\/salondulivrejeunesse.fr\/wp-content\/uploads\/2021\/10\/SDL-affiche-2021-203x300.jpg 203w, https:\/\/salondulivrejeunesse.fr\/wp-content\/uploads\/2021\/10\/SDL-affiche-2021-768x1133.jpg 768w, https:\/\/salondulivrejeunesse.fr\/wp-content\/uploads\/2021\/10\/SDL-affiche-2021-1041x1536.jpg 1041w, https:\/\/salondulivrejeunesse.fr\/wp-content\/uploads\/2021\/10\/SDL-affiche-2021-1389x2048.jpg 1389w, https:\/\/salondulivrejeunesse.fr\/wp-content\/uploads\/2021\/10\/SDL-affiche-2021-scaled.jpg 1736w\" sizes=\"(max-width: 694px) 100vw, 694px\" \/><\/a><\/figure>\n\n\n\n<h2 class=\"wp-block-heading\">2020<\/h2>\n\n\n\n<figure class=\"wp-block-image size-large\"><a href=\"https:\/\/salondulivrejeunesse.fr\/index.php\/edition-2020\"><img loading=\"lazy\" decoding=\"async\" width=\"666\" height=\"994\" src=\"https:\/\/salondulivrejeunesse.fr\/wp-content\/uploads\/2021\/05\/salon2020_affiche-691x1024-1.jpg\" alt=\"\" class=\"wp-image-1328\" srcset=\"https:\/\/salondulivrejeunesse.fr\/wp-content\/uploads\/2021\/05\/salon2020_affiche-691x1024-1.jpg 666w, https:\/\/salondulivrejeunesse.fr\/wp-content\/uploads\/2021\/05\/salon2020_affiche-691x1024-1-201x300.jpg 201w\" sizes=\"(max-width: 666px) 100vw, 666px\" \/><\/a><\/figure>\n\n\n\n<h2 class=\"wp-block-heading\">2019<\/h2>\n\n\n\n<figure class=\"wp-block-image size-large\"><a href=\"https:\/\/salondulivrejeunesse.fr\/index.php\/edition-2019\/\" rel=\"https:\/\/salondulivrejeunesse.fr\/index.php\/edition-2019\/\"><img loading=\"lazy\" decoding=\"async\" width=\"691\" height=\"1024\" src=\"https:\/\/salondulivrejeunesse.fr\/wp-content\/uploads\/2020\/06\/Affiche-Salon-du-livre-jeunesse-de-Foug\u00e8res-2019-min-691x1024.jpg\" alt=\"Affiche 2019\" class=\"wp-image-81\" srcset=\"https:\/\/salondulivrejeunesse.fr\/wp-content\/uploads\/2020\/06\/Affiche-Salon-du-livre-jeunesse-de-Foug\u00e8res-2019-min-691x1024.jpg 691w, https:\/\/salondulivrejeunesse.fr\/wp-content\/uploads\/2020\/06\/Affiche-Salon-du-livre-jeunesse-de-Foug\u00e8res-2019-min-202x300.jpg 202w, https:\/\/salondulivrejeunesse.fr\/wp-content\/uploads\/2020\/06\/Affiche-Salon-du-livre-jeunesse-de-Foug\u00e8res-2019-min-768x1138.jpg 768w, https:\/\/salondulivrejeunesse.fr\/wp-content\/uploads\/2020\/06\/Affiche-Salon-du-livre-jeunesse-de-Foug\u00e8res-2019-min-1037x1536.jpg 1037w, https:\/\/salondulivrejeunesse.fr\/wp-content\/uploads\/2020\/06\/Affiche-Salon-du-livre-jeunesse-de-Foug\u00e8res-2019-min-1382x2048.jpg 1382w, https:\/\/salondulivrejeunesse.fr\/wp-content\/uploads\/2020\/06\/Affiche-Salon-du-livre-jeunesse-de-Foug\u00e8res-2019-min-scaled.jpg 1728w\" sizes=\"(max-width: 691px) 100vw, 691px\" \/><\/a><\/figure>\n\n\n\n<h2 class=\"wp-block-heading\">2018<\/h2>\n\n\n\n<figure class=\"wp-block-image size-large\"><a href=\"https:\/\/salondulivrejeunesse.fr\/index.php\/edition-2018\/\"><img loading=\"lazy\" decoding=\"async\" width=\"724\" height=\"1024\" src=\"https:\/\/salondulivrejeunesse.fr\/wp-content\/uploads\/2020\/06\/salon_fougeres_2018_affiche-724x1024.jpg\" alt=\"Affiche 2018\" class=\"wp-image-82\" srcset=\"https:\/\/salondulivrejeunesse.fr\/wp-content\/uploads\/2020\/06\/salon_fougeres_2018_affiche-724x1024.jpg 724w, https:\/\/salondulivrejeunesse.fr\/wp-content\/uploads\/2020\/06\/salon_fougeres_2018_affiche-212x300.jpg 212w, https:\/\/salondulivrejeunesse.fr\/wp-content\/uploads\/2020\/06\/salon_fougeres_2018_affiche-768x1086.jpg 768w, https:\/\/salondulivrejeunesse.fr\/wp-content\/uploads\/2020\/06\/salon_fougeres_2018_affiche-1086x1536.jpg 1086w, https:\/\/salondulivrejeunesse.fr\/wp-content\/uploads\/2020\/06\/salon_fougeres_2018_affiche.jpg 1240w\" sizes=\"(max-width: 724px) 100vw, 724px\" \/><\/a><\/figure>\n\n\n\n<h2 class=\"wp-block-heading\">2017<\/h2>\n\n\n\n<figure class=\"wp-block-image size-large\"><a href=\"https:\/\/salondulivrejeunesse.fr\/index.php\/edition-2017\/\" rel=\"https:\/\/salondulivrejeunesse.fr\/index.php\/edition-2017\/\"><img loading=\"lazy\" decoding=\"async\" width=\"678\" height=\"960\" src=\"https:\/\/salondulivrejeunesse.fr\/wp-content\/uploads\/2020\/06\/21765751_1853648911524347_4888352139092237808_o.jpg\" alt=\"Affiche 2017\" class=\"wp-image-83\" srcset=\"https:\/\/salondulivrejeunesse.fr\/wp-content\/uploads\/2020\/06\/21765751_1853648911524347_4888352139092237808_o.jpg 678w, https:\/\/salondulivrejeunesse.fr\/wp-content\/uploads\/2020\/06\/21765751_1853648911524347_4888352139092237808_o-212x300.jpg 212w\" sizes=\"(max-width: 678px) 100vw, 678px\" \/><\/a><\/figure>\n\n\n\n<h2 class=\"wp-block-heading\">2016<\/h2>\n\n\n\n<figure class=\"wp-block-image size-large\"><a href=\"https:\/\/salondulivrejeunesse.fr\/index.php\/edition-2016\/\"><img loading=\"lazy\" decoding=\"async\" width=\"640\" height=\"960\" src=\"https:\/\/salondulivrejeunesse.fr\/wp-content\/uploads\/2020\/06\/14889919_1712711742284732_7597057971929717381_o.jpg\" alt=\"Affiche 2016\" class=\"wp-image-85\" srcset=\"https:\/\/salondulivrejeunesse.fr\/wp-content\/uploads\/2020\/06\/14889919_1712711742284732_7597057971929717381_o.jpg 640w, https:\/\/salondulivrejeunesse.fr\/wp-content\/uploads\/2020\/06\/14889919_1712711742284732_7597057971929717381_o-200x300.jpg 200w\" sizes=\"(max-width: 640px) 100vw, 640px\" \/><\/a><\/figure>\n","protected":false},"excerpt":{"rendered":"<p>2024 2023 2022 2021 2020 2019 2018 2017 2016<\/p>\n","protected":false},"author":1,"featured_media":0,"parent":0,"menu_order":0,"comment_status":"closed","ping_status":"closed","template":"","meta":{"footnotes":""},"wf_page_folders":[8],"class_list":["post-80","page","type-page","status-publish","hentry"],"yoast_head":"<!-- This site is optimized with the Yoast SEO plugin v26.1.1 - https:\/\/yoast.com\/wordpress\/plugins\/seo\/ -->\n<title>Archives - Salon du livre jeunesse de Foug\u00e8res Agglom\u00e9ration<\/title>\n<meta name=\"description\" content=\"Retrouvez les archives des anciennes \u00e9ditions du Salon du livre jeunesse de Foug\u00e8res Agglom\u00e9ration. Il invite chaque ann\u00e9e 35 auteurs jeunesse en novembre.\" \/>\n<meta name=\"robots\" content=\"index, follow, max-snippet:-1, max-image-preview:large, max-video-preview:-1\" \/>\n<link rel=\"canonical\" href=\"https:\/\/salondulivrejeunesse.fr\/index.php\/archives\/\" \/>\n<meta property=\"og:locale\" content=\"fr_FR\" \/>\n<meta property=\"og:type\" content=\"article\" \/>\n<meta property=\"og:title\" content=\"Archives - Salon du livre jeunesse de Foug\u00e8res Agglom\u00e9ration\" \/>\n<meta property=\"og:description\" content=\"Retrouvez les archives des anciennes \u00e9ditions du Salon du livre jeunesse de Foug\u00e8res Agglom\u00e9ration. Il invite chaque ann\u00e9e 35 auteurs jeunesse en novembre.\" \/>\n<meta property=\"og:url\" content=\"https:\/\/salondulivrejeunesse.fr\/index.php\/archives\/\" \/>\n<meta property=\"og:site_name\" content=\"Salon du livre jeunesse de Foug\u00e8res Agglom\u00e9ration\" \/>\n<meta property=\"article:publisher\" content=\"https:\/\/www.facebook.com\/salondulivrefougeresagglo\/?epa=SEARCH_BOX\" \/>\n<meta property=\"article:modified_time\" content=\"2024-11-20T15:29:06+00:00\" \/>\n<meta property=\"og:image\" content=\"https:\/\/salondulivrejeunesse.fr\/wp-content\/uploads\/2024\/11\/Capture-decran-2024-10-07-120435.png\" \/>\n<meta name=\"twitter:card\" content=\"summary_large_image\" \/>\n<meta name=\"twitter:label1\" content=\"Dur\u00e9e de lecture estim\u00e9e\" \/>\n\t<meta name=\"twitter:data1\" content=\"2 minutes\" \/>\n<script type=\"application\/ld+json\" class=\"yoast-schema-graph\">{\"@context\":\"https:\/\/schema.org\",\"@graph\":[{\"@type\":\"WebPage\",\"@id\":\"https:\/\/salondulivrejeunesse.fr\/index.php\/archives\/\",\"url\":\"https:\/\/salondulivrejeunesse.fr\/index.php\/archives\/\",\"name\":\"Archives - Salon du livre jeunesse de Foug\u00e8res Agglom\u00e9ration\",\"isPartOf\":{\"@id\":\"https:\/\/salondulivrejeunesse.fr\/#website\"},\"primaryImageOfPage\":{\"@id\":\"https:\/\/salondulivrejeunesse.fr\/index.php\/archives\/#primaryimage\"},\"image\":{\"@id\":\"https:\/\/salondulivrejeunesse.fr\/index.php\/archives\/#primaryimage\"},\"thumbnailUrl\":\"https:\/\/salondulivrejeunesse.fr\/wp-content\/uploads\/2024\/11\/Capture-decran-2024-10-07-120435.png\",\"datePublished\":\"2020-06-04T09:53:42+00:00\",\"dateModified\":\"2024-11-20T15:29:06+00:00\",\"description\":\"Retrouvez les archives des anciennes \u00e9ditions du Salon du livre jeunesse de Foug\u00e8res Agglom\u00e9ration. Il invite chaque ann\u00e9e 35 auteurs jeunesse en novembre.\",\"breadcrumb\":{\"@id\":\"https:\/\/salondulivrejeunesse.fr\/index.php\/archives\/#breadcrumb\"},\"inLanguage\":\"fr-FR\",\"potentialAction\":[{\"@type\":\"ReadAction\",\"target\":[\"https:\/\/salondulivrejeunesse.fr\/index.php\/archives\/\"]}]},{\"@type\":\"ImageObject\",\"inLanguage\":\"fr-FR\",\"@id\":\"https:\/\/salondulivrejeunesse.fr\/index.php\/archives\/#primaryimage\",\"url\":\"https:\/\/salondulivrejeunesse.fr\/wp-content\/uploads\/2024\/11\/Capture-decran-2024-10-07-120435.png\",\"contentUrl\":\"https:\/\/salondulivrejeunesse.fr\/wp-content\/uploads\/2024\/11\/Capture-decran-2024-10-07-120435.png\",\"width\":630,\"height\":940},{\"@type\":\"BreadcrumbList\",\"@id\":\"https:\/\/salondulivrejeunesse.fr\/index.php\/archives\/#breadcrumb\",\"itemListElement\":[{\"@type\":\"ListItem\",\"position\":1,\"name\":\"Accueil\",\"item\":\"https:\/\/salondulivrejeunesse.fr\/\"},{\"@type\":\"ListItem\",\"position\":2,\"name\":\"Archives\"}]},{\"@type\":\"WebSite\",\"@id\":\"https:\/\/salondulivrejeunesse.fr\/#website\",\"url\":\"https:\/\/salondulivrejeunesse.fr\/\",\"name\":\"Salon du livre jeunesse de Foug\u00e8res Agglom\u00e9ration\",\"description\":\"\",\"publisher\":{\"@id\":\"https:\/\/salondulivrejeunesse.fr\/#organization\"},\"potentialAction\":[{\"@type\":\"SearchAction\",\"target\":{\"@type\":\"EntryPoint\",\"urlTemplate\":\"https:\/\/salondulivrejeunesse.fr\/?s={search_term_string}\"},\"query-input\":{\"@type\":\"PropertyValueSpecification\",\"valueRequired\":true,\"valueName\":\"search_term_string\"}}],\"inLanguage\":\"fr-FR\"},{\"@type\":\"Organization\",\"@id\":\"https:\/\/salondulivrejeunesse.fr\/#organization\",\"name\":\"Foug\u00e8res Agglom\u00e9ration\",\"url\":\"https:\/\/salondulivrejeunesse.fr\/\",\"logo\":{\"@type\":\"ImageObject\",\"inLanguage\":\"fr-FR\",\"@id\":\"https:\/\/salondulivrejeunesse.fr\/#\/schema\/logo\/image\/\",\"url\":\"https:\/\/salondulivrejeunesse.fr\/wp-content\/uploads\/2020\/06\/20190101_FA_Logo_1_Coul_Bleu-scaled.jpg\",\"contentUrl\":\"https:\/\/salondulivrejeunesse.fr\/wp-content\/uploads\/2020\/06\/20190101_FA_Logo_1_Coul_Bleu-scaled.jpg\",\"width\":2560,\"height\":937,\"caption\":\"Foug\u00e8res Agglom\u00e9ration\"},\"image\":{\"@id\":\"https:\/\/salondulivrejeunesse.fr\/#\/schema\/logo\/image\/\"},\"sameAs\":[\"https:\/\/www.facebook.com\/salondulivrefougeresagglo\/?epa=SEARCH_BOX\"]}]}<\/script>\n<!-- \/ Yoast SEO plugin. -->","yoast_head_json":{"title":"Archives - Salon du livre jeunesse de Foug\u00e8res Agglom\u00e9ration","description":"Retrouvez les archives des anciennes \u00e9ditions du Salon du livre jeunesse de Foug\u00e8res Agglom\u00e9ration. Il invite chaque ann\u00e9e 35 auteurs jeunesse en novembre.","robots":{"index":"index","follow":"follow","max-snippet":"max-snippet:-1","max-image-preview":"max-image-preview:large","max-video-preview":"max-video-preview:-1"},"canonical":"https:\/\/salondulivrejeunesse.fr\/index.php\/archives\/","og_locale":"fr_FR","og_type":"article","og_title":"Archives - Salon du livre jeunesse de Foug\u00e8res Agglom\u00e9ration","og_description":"Retrouvez les archives des anciennes \u00e9ditions du Salon du livre jeunesse de Foug\u00e8res Agglom\u00e9ration. Il invite chaque ann\u00e9e 35 auteurs jeunesse en novembre.","og_url":"https:\/\/salondulivrejeunesse.fr\/index.php\/archives\/","og_site_name":"Salon du livre jeunesse de Foug\u00e8res Agglom\u00e9ration","article_publisher":"https:\/\/www.facebook.com\/salondulivrefougeresagglo\/?epa=SEARCH_BOX","article_modified_time":"2024-11-20T15:29:06+00:00","og_image":[{"url":"https:\/\/salondulivrejeunesse.fr\/wp-content\/uploads\/2024\/11\/Capture-decran-2024-10-07-120435.png","type":"","width":"","height":""}],"twitter_card":"summary_large_image","twitter_misc":{"Dur\u00e9e de lecture estim\u00e9e":"2 minutes"},"schema":{"@context":"https:\/\/schema.org","@graph":[{"@type":"WebPage","@id":"https:\/\/salondulivrejeunesse.fr\/index.php\/archives\/","url":"https:\/\/salondulivrejeunesse.fr\/index.php\/archives\/","name":"Archives - Salon du livre jeunesse de Foug\u00e8res Agglom\u00e9ration","isPartOf":{"@id":"https:\/\/salondulivrejeunesse.fr\/#website"},"primaryImageOfPage":{"@id":"https:\/\/salondulivrejeunesse.fr\/index.php\/archives\/#primaryimage"},"image":{"@id":"https:\/\/salondulivrejeunesse.fr\/index.php\/archives\/#primaryimage"},"thumbnailUrl":"https:\/\/salondulivrejeunesse.fr\/wp-content\/uploads\/2024\/11\/Capture-decran-2024-10-07-120435.png","datePublished":"2020-06-04T09:53:42+00:00","dateModified":"2024-11-20T15:29:06+00:00","description":"Retrouvez les archives des anciennes \u00e9ditions du Salon du livre jeunesse de Foug\u00e8res Agglom\u00e9ration. Il invite chaque ann\u00e9e 35 auteurs jeunesse en novembre.","breadcrumb":{"@id":"https:\/\/salondulivrejeunesse.fr\/index.php\/archives\/#breadcrumb"},"inLanguage":"fr-FR","potentialAction":[{"@type":"ReadAction","target":["https:\/\/salondulivrejeunesse.fr\/index.php\/archives\/"]}]},{"@type":"ImageObject","inLanguage":"fr-FR","@id":"https:\/\/salondulivrejeunesse.fr\/index.php\/archives\/#primaryimage","url":"https:\/\/salondulivrejeunesse.fr\/wp-content\/uploads\/2024\/11\/Capture-decran-2024-10-07-120435.png","contentUrl":"https:\/\/salondulivrejeunesse.fr\/wp-content\/uploads\/2024\/11\/Capture-decran-2024-10-07-120435.png","width":630,"height":940},{"@type":"BreadcrumbList","@id":"https:\/\/salondulivrejeunesse.fr\/index.php\/archives\/#breadcrumb","itemListElement":[{"@type":"ListItem","position":1,"name":"Accueil","item":"https:\/\/salondulivrejeunesse.fr\/"},{"@type":"ListItem","position":2,"name":"Archives"}]},{"@type":"WebSite","@id":"https:\/\/salondulivrejeunesse.fr\/#website","url":"https:\/\/salondulivrejeunesse.fr\/","name":"Salon du livre jeunesse de Foug\u00e8res Agglom\u00e9ration","description":"","publisher":{"@id":"https:\/\/salondulivrejeunesse.fr\/#organization"},"potentialAction":[{"@type":"SearchAction","target":{"@type":"EntryPoint","urlTemplate":"https:\/\/salondulivrejeunesse.fr\/?s={search_term_string}"},"query-input":{"@type":"PropertyValueSpecification","valueRequired":true,"valueName":"search_term_string"}}],"inLanguage":"fr-FR"},{"@type":"Organization","@id":"https:\/\/salondulivrejeunesse.fr\/#organization","name":"Foug\u00e8res Agglom\u00e9ration","url":"https:\/\/salondulivrejeunesse.fr\/","logo":{"@type":"ImageObject","inLanguage":"fr-FR","@id":"https:\/\/salondulivrejeunesse.fr\/#\/schema\/logo\/image\/","url":"https:\/\/salondulivrejeunesse.fr\/wp-content\/uploads\/2020\/06\/20190101_FA_Logo_1_Coul_Bleu-scaled.jpg","contentUrl":"https:\/\/salondulivrejeunesse.fr\/wp-content\/uploads\/2020\/06\/20190101_FA_Logo_1_Coul_Bleu-scaled.jpg","width":2560,"height":937,"caption":"Foug\u00e8res Agglom\u00e9ration"},"image":{"@id":"https:\/\/salondulivrejeunesse.fr\/#\/schema\/logo\/image\/"},"sameAs":["https:\/\/www.facebook.com\/salondulivrefougeresagglo\/?epa=SEARCH_BOX"]}]}},"jetpack_sharing_enabled":true,"_links":{"self":[{"href":"https:\/\/salondulivrejeunesse.fr\/index.php\/wp-json\/wp\/v2\/pages\/80","targetHints":{"allow":["GET"]}}],"collection":[{"href":"https:\/\/salondulivrejeunesse.fr\/index.php\/wp-json\/wp\/v2\/pages"}],"about":[{"href":"https:\/\/salondulivrejeunesse.fr\/index.php\/wp-json\/wp\/v2\/types\/page"}],"author":[{"embeddable":true,"href":"https:\/\/salondulivrejeunesse.fr\/index.php\/wp-json\/wp\/v2\/users\/1"}],"replies":[{"embeddable":true,"href":"https:\/\/salondulivrejeunesse.fr\/index.php\/wp-json\/wp\/v2\/comments?post=80"}],"version-history":[{"count":22,"href":"https:\/\/salondulivrejeunesse.fr\/index.php\/wp-json\/wp\/v2\/pages\/80\/revisions"}],"predecessor-version":[{"id":4962,"href":"https:\/\/salondulivrejeunesse.fr\/index.php\/wp-json\/wp\/v2\/pages\/80\/revisions\/4962"}],"wp:attachment":[{"href":"https:\/\/salondulivrejeunesse.fr\/index.php\/wp-json\/wp\/v2\/media?parent=80"}],"wp:term":[{"taxonomy":"wf_page_folders","embeddable":true,"href":"https:\/\/salondulivrejeunesse.fr\/index.php\/wp-json\/wp\/v2\/wf_page_folders?post=80"}],"curies":[{"name":"wp","href":"https:\/\/api.w.org\/{rel}","templated":true}]}}