{"id":6,"date":"2020-06-04T10:09:00","date_gmt":"2020-06-04T08:09:00","guid":{"rendered":"http:\/\/salondulivrejeunesse.fr\/?page_id=6"},"modified":"2026-03-02T11:01:57","modified_gmt":"2026-03-02T10:01:57","slug":"salon-du-livre-jeunesse-fougeres","status":"publish","type":"page","link":"https:\/\/salondulivrejeunesse.fr\/","title":{"rendered":"Accueil"},"content":{"rendered":"\n<p class=\"has-text-align-center\"><strong><mark style=\"background-color:rgba(0, 0, 0, 0)\" class=\"has-inline-color has-black-color\">Le Salon du livre jeunesse de Foug\u00e8res Agglom\u00e9ration aura lieu du 19 au 22 novembre 2026 \u00e0 l&rsquo;Espace Aumaillerie<\/mark>.<\/strong><\/p>\n\n\n\n\n\n\n<div style=\"height:54px\" aria-hidden=\"true\" class=\"wp-block-spacer\"><\/div>\n\n\n\n<p class=\"has-text-align-center\"><strong><span class=\"has-inline-color has-black-color\">Suivez-nous sur les pages Instagram et Facebook du Salon du livre jeunesse. <\/span><\/strong><\/p>\n\n\n\n<div class=\"wp-block-group alignwide\"><div class=\"wp-block-group__inner-container is-layout-flow wp-block-group-is-layout-flow\">\n<div class=\"wp-block-columns alignwide is-layout-flex wp-container-core-columns-is-layout-28f84493 wp-block-columns-is-layout-flex\">\n<div class=\"wp-block-column is-layout-flow wp-block-column-is-layout-flow\"><div class=\"wp-block-image\">\n<figure class=\"alignright size-large is-resized\"><a href=\"https:\/\/www.instagram.com\/salondulivrejeunessefougeres\/\"><img decoding=\"async\" src=\"https:\/\/salondulivrejeunesse.fr\/wp-content\/uploads\/2022\/10\/Logo-Instagram-1024x1024.webp\" alt=\"\" style=\"width:145px;height:145px\"\/><\/a><\/figure><\/div><\/div>\n\n\n\n<div class=\"wp-block-column is-layout-flow wp-block-column-is-layout-flow\">\n<figure class=\"wp-block-image size-large is-resized\"><a href=\"https:\/\/www.facebook.com\/salondulivrefougeresagglo\/\"><img decoding=\"async\" src=\"https:\/\/salondulivrejeunesse.fr\/wp-content\/uploads\/2022\/10\/Logo-Facebook-1024x1024.webp\" alt=\"\" style=\"width:145px;height:145px\"\/><\/a><\/figure>\n<\/div>\n<\/div>\n\n\n\n<p class=\"has-text-align-center\"><mark style=\"background-color:rgba(0, 0, 0, 0)\" class=\"has-inline-color has-black-color\">Riche de 41 \u00e9ditions, le Salon du livre jeunesse de Foug\u00e8res Agglom\u00e9ration invite chaque ann\u00e9e des auteurs et illustrateurs jeunesse francophones, durant quatre jours en novembre. Pour toute demande d&rsquo;informations, nous vous prions d&rsquo;utiliser le formulaire de contact. Nous attirons votre attention sur le fait que le Salon du livre jeunesse de Foug\u00e8res Agglom\u00e9ration respecte la cha\u00eene du livre depuis l&rsquo;auteur jusqu&rsquo;au lecteur en passant par l&rsquo;\u00e9diteur et le libraire. <\/mark><\/p>\n\n\n\n<p class=\"has-text-align-center has-black-color has-text-color has-link-color wp-elements-c62d29b7efe66af46c66afe31558ebd0\"><mark style=\"background-color:rgba(0, 0, 0, 0)\" class=\"has-inline-color has-black-color\"><strong>A ce titre les auteurs et illustrateurs auto-\u00e9dit\u00e9s ou \u00ab\u00a0\u00e0 compte d&rsquo;auteur\u00a0\u00bb ne peuvent pas participer au Salon.<\/strong><\/mark><\/p>\n<\/div><\/div>\n","protected":false},"excerpt":{"rendered":"<p>Le Salon du livre jeunesse de Foug\u00e8res Agglom\u00e9ration aura lieu du 19 au 22 novembre 2026 \u00e0 l&rsquo;Espace Aumaillerie. Suivez-nous sur les pages Instagram et Facebook du Salon du livre jeunesse. Riche de 41 \u00e9ditions, le Salon du livre jeunesse de Foug\u00e8res Agglom\u00e9ration invite chaque ann\u00e9e des auteurs et illustrateurs [&hellip;]<\/p>\n","protected":false},"author":1,"featured_media":0,"parent":0,"menu_order":0,"comment_status":"closed","ping_status":"closed","template":"","meta":{"footnotes":""},"wf_page_folders":[9],"class_list":["post-6","page","type-page","status-publish","hentry"],"yoast_head":"<!-- This site is optimized with the Yoast SEO plugin v26.1.1 - https:\/\/yoast.com\/wordpress\/plugins\/seo\/ -->\n<title>Accueil - Salon du livre jeunesse de Foug\u00e8res Agglom\u00e9ration<\/title>\n<meta name=\"description\" content=\"Le Salon du livre jeunesse de Foug\u00e8res Agglom\u00e9ration invite chaque ann\u00e9e 35 auteurs et illustrateurs jeunesse francophones, durant quatre jours mi-novembre.\" \/>\n<meta name=\"robots\" content=\"index, follow, max-snippet:-1, max-image-preview:large, max-video-preview:-1\" \/>\n<link rel=\"canonical\" href=\"https:\/\/salondulivrejeunesse.fr\/\" \/>\n<meta property=\"og:locale\" content=\"fr_FR\" \/>\n<meta property=\"og:type\" content=\"article\" \/>\n<meta property=\"og:title\" content=\"Accueil - Salon du livre jeunesse de Foug\u00e8res Agglom\u00e9ration\" \/>\n<meta property=\"og:description\" content=\"Le Salon du livre jeunesse de Foug\u00e8res Agglom\u00e9ration invite chaque ann\u00e9e 35 auteurs et illustrateurs jeunesse francophones, durant quatre jours mi-novembre.\" \/>\n<meta property=\"og:url\" content=\"https:\/\/salondulivrejeunesse.fr\/\" \/>\n<meta property=\"og:site_name\" content=\"Salon du livre jeunesse de Foug\u00e8res Agglom\u00e9ration\" \/>\n<meta property=\"article:publisher\" content=\"https:\/\/www.facebook.com\/salondulivrefougeresagglo\/?epa=SEARCH_BOX\" \/>\n<meta property=\"article:modified_time\" content=\"2026-03-02T10:01:57+00:00\" \/>\n<meta property=\"og:image\" content=\"https:\/\/salondulivrejeunesse.fr\/wp-content\/uploads\/2022\/10\/Logo-Instagram-1024x1024.webp\" \/>\n<meta name=\"twitter:card\" content=\"summary_large_image\" \/>\n<meta name=\"twitter:label1\" content=\"Dur\u00e9e de lecture estim\u00e9e\" \/>\n\t<meta name=\"twitter:data1\" content=\"2 minutes\" \/>\n<script type=\"application\/ld+json\" class=\"yoast-schema-graph\">{\"@context\":\"https:\/\/schema.org\",\"@graph\":[{\"@type\":\"WebPage\",\"@id\":\"https:\/\/salondulivrejeunesse.fr\/\",\"url\":\"https:\/\/salondulivrejeunesse.fr\/\",\"name\":\"Accueil - Salon du livre jeunesse de Foug\u00e8res Agglom\u00e9ration\",\"isPartOf\":{\"@id\":\"https:\/\/salondulivrejeunesse.fr\/#website\"},\"primaryImageOfPage\":{\"@id\":\"https:\/\/salondulivrejeunesse.fr\/#primaryimage\"},\"image\":{\"@id\":\"https:\/\/salondulivrejeunesse.fr\/#primaryimage\"},\"thumbnailUrl\":\"https:\/\/salondulivrejeunesse.fr\/wp-content\/uploads\/2022\/10\/Logo-Instagram-1024x1024.webp\",\"datePublished\":\"2020-06-04T08:09:00+00:00\",\"dateModified\":\"2026-03-02T10:01:57+00:00\",\"description\":\"Le Salon du livre jeunesse de Foug\u00e8res Agglom\u00e9ration invite chaque ann\u00e9e 35 auteurs et illustrateurs jeunesse francophones, durant quatre jours mi-novembre.\",\"breadcrumb\":{\"@id\":\"https:\/\/salondulivrejeunesse.fr\/#breadcrumb\"},\"inLanguage\":\"fr-FR\",\"potentialAction\":[{\"@type\":\"ReadAction\",\"target\":[\"https:\/\/salondulivrejeunesse.fr\/\"]}]},{\"@type\":\"ImageObject\",\"inLanguage\":\"fr-FR\",\"@id\":\"https:\/\/salondulivrejeunesse.fr\/#primaryimage\",\"url\":\"https:\/\/salondulivrejeunesse.fr\/wp-content\/uploads\/2022\/10\/Logo-Instagram-1024x1024.webp\",\"contentUrl\":\"https:\/\/salondulivrejeunesse.fr\/wp-content\/uploads\/2022\/10\/Logo-Instagram-1024x1024.webp\"},{\"@type\":\"BreadcrumbList\",\"@id\":\"https:\/\/salondulivrejeunesse.fr\/#breadcrumb\",\"itemListElement\":[{\"@type\":\"ListItem\",\"position\":1,\"name\":\"Accueil\",\"item\":\"https:\/\/salondulivrejeunesse.fr\/\"},{\"@type\":\"ListItem\",\"position\":2,\"name\":\"Accueil\"}]},{\"@type\":\"WebSite\",\"@id\":\"https:\/\/salondulivrejeunesse.fr\/#website\",\"url\":\"https:\/\/salondulivrejeunesse.fr\/\",\"name\":\"Salon du livre jeunesse de Foug\u00e8res Agglom\u00e9ration\",\"description\":\"\",\"publisher\":{\"@id\":\"https:\/\/salondulivrejeunesse.fr\/#organization\"},\"potentialAction\":[{\"@type\":\"SearchAction\",\"target\":{\"@type\":\"EntryPoint\",\"urlTemplate\":\"https:\/\/salondulivrejeunesse.fr\/?s={search_term_string}\"},\"query-input\":{\"@type\":\"PropertyValueSpecification\",\"valueRequired\":true,\"valueName\":\"search_term_string\"}}],\"inLanguage\":\"fr-FR\"},{\"@type\":\"Organization\",\"@id\":\"https:\/\/salondulivrejeunesse.fr\/#organization\",\"name\":\"Foug\u00e8res Agglom\u00e9ration\",\"url\":\"https:\/\/salondulivrejeunesse.fr\/\",\"logo\":{\"@type\":\"ImageObject\",\"inLanguage\":\"fr-FR\",\"@id\":\"https:\/\/salondulivrejeunesse.fr\/#\/schema\/logo\/image\/\",\"url\":\"https:\/\/salondulivrejeunesse.fr\/wp-content\/uploads\/2020\/06\/20190101_FA_Logo_1_Coul_Bleu-scaled.jpg\",\"contentUrl\":\"https:\/\/salondulivrejeunesse.fr\/wp-content\/uploads\/2020\/06\/20190101_FA_Logo_1_Coul_Bleu-scaled.jpg\",\"width\":2560,\"height\":937,\"caption\":\"Foug\u00e8res Agglom\u00e9ration\"},\"image\":{\"@id\":\"https:\/\/salondulivrejeunesse.fr\/#\/schema\/logo\/image\/\"},\"sameAs\":[\"https:\/\/www.facebook.com\/salondulivrefougeresagglo\/?epa=SEARCH_BOX\"]}]}<\/script>\n<!-- \/ Yoast SEO plugin. -->","yoast_head_json":{"title":"Accueil - Salon du livre jeunesse de Foug\u00e8res Agglom\u00e9ration","description":"Le Salon du livre jeunesse de Foug\u00e8res Agglom\u00e9ration invite chaque ann\u00e9e 35 auteurs et illustrateurs jeunesse francophones, durant quatre jours mi-novembre.","robots":{"index":"index","follow":"follow","max-snippet":"max-snippet:-1","max-image-preview":"max-image-preview:large","max-video-preview":"max-video-preview:-1"},"canonical":"https:\/\/salondulivrejeunesse.fr\/","og_locale":"fr_FR","og_type":"article","og_title":"Accueil - Salon du livre jeunesse de Foug\u00e8res Agglom\u00e9ration","og_description":"Le Salon du livre jeunesse de Foug\u00e8res Agglom\u00e9ration invite chaque ann\u00e9e 35 auteurs et illustrateurs jeunesse francophones, durant quatre jours mi-novembre.","og_url":"https:\/\/salondulivrejeunesse.fr\/","og_site_name":"Salon du livre jeunesse de Foug\u00e8res Agglom\u00e9ration","article_publisher":"https:\/\/www.facebook.com\/salondulivrefougeresagglo\/?epa=SEARCH_BOX","article_modified_time":"2026-03-02T10:01:57+00:00","og_image":[{"url":"https:\/\/salondulivrejeunesse.fr\/wp-content\/uploads\/2022\/10\/Logo-Instagram-1024x1024.webp","type":"","width":"","height":""}],"twitter_card":"summary_large_image","twitter_misc":{"Dur\u00e9e de lecture estim\u00e9e":"2 minutes"},"schema":{"@context":"https:\/\/schema.org","@graph":[{"@type":"WebPage","@id":"https:\/\/salondulivrejeunesse.fr\/","url":"https:\/\/salondulivrejeunesse.fr\/","name":"Accueil - Salon du livre jeunesse de Foug\u00e8res Agglom\u00e9ration","isPartOf":{"@id":"https:\/\/salondulivrejeunesse.fr\/#website"},"primaryImageOfPage":{"@id":"https:\/\/salondulivrejeunesse.fr\/#primaryimage"},"image":{"@id":"https:\/\/salondulivrejeunesse.fr\/#primaryimage"},"thumbnailUrl":"https:\/\/salondulivrejeunesse.fr\/wp-content\/uploads\/2022\/10\/Logo-Instagram-1024x1024.webp","datePublished":"2020-06-04T08:09:00+00:00","dateModified":"2026-03-02T10:01:57+00:00","description":"Le Salon du livre jeunesse de Foug\u00e8res Agglom\u00e9ration invite chaque ann\u00e9e 35 auteurs et illustrateurs jeunesse francophones, durant quatre jours mi-novembre.","breadcrumb":{"@id":"https:\/\/salondulivrejeunesse.fr\/#breadcrumb"},"inLanguage":"fr-FR","potentialAction":[{"@type":"ReadAction","target":["https:\/\/salondulivrejeunesse.fr\/"]}]},{"@type":"ImageObject","inLanguage":"fr-FR","@id":"https:\/\/salondulivrejeunesse.fr\/#primaryimage","url":"https:\/\/salondulivrejeunesse.fr\/wp-content\/uploads\/2022\/10\/Logo-Instagram-1024x1024.webp","contentUrl":"https:\/\/salondulivrejeunesse.fr\/wp-content\/uploads\/2022\/10\/Logo-Instagram-1024x1024.webp"},{"@type":"BreadcrumbList","@id":"https:\/\/salondulivrejeunesse.fr\/#breadcrumb","itemListElement":[{"@type":"ListItem","position":1,"name":"Accueil","item":"https:\/\/salondulivrejeunesse.fr\/"},{"@type":"ListItem","position":2,"name":"Accueil"}]},{"@type":"WebSite","@id":"https:\/\/salondulivrejeunesse.fr\/#website","url":"https:\/\/salondulivrejeunesse.fr\/","name":"Salon du livre jeunesse de Foug\u00e8res Agglom\u00e9ration","description":"","publisher":{"@id":"https:\/\/salondulivrejeunesse.fr\/#organization"},"potentialAction":[{"@type":"SearchAction","target":{"@type":"EntryPoint","urlTemplate":"https:\/\/salondulivrejeunesse.fr\/?s={search_term_string}"},"query-input":{"@type":"PropertyValueSpecification","valueRequired":true,"valueName":"search_term_string"}}],"inLanguage":"fr-FR"},{"@type":"Organization","@id":"https:\/\/salondulivrejeunesse.fr\/#organization","name":"Foug\u00e8res Agglom\u00e9ration","url":"https:\/\/salondulivrejeunesse.fr\/","logo":{"@type":"ImageObject","inLanguage":"fr-FR","@id":"https:\/\/salondulivrejeunesse.fr\/#\/schema\/logo\/image\/","url":"https:\/\/salondulivrejeunesse.fr\/wp-content\/uploads\/2020\/06\/20190101_FA_Logo_1_Coul_Bleu-scaled.jpg","contentUrl":"https:\/\/salondulivrejeunesse.fr\/wp-content\/uploads\/2020\/06\/20190101_FA_Logo_1_Coul_Bleu-scaled.jpg","width":2560,"height":937,"caption":"Foug\u00e8res Agglom\u00e9ration"},"image":{"@id":"https:\/\/salondulivrejeunesse.fr\/#\/schema\/logo\/image\/"},"sameAs":["https:\/\/www.facebook.com\/salondulivrefougeresagglo\/?epa=SEARCH_BOX"]}]}},"jetpack_sharing_enabled":true,"_links":{"self":[{"href":"https:\/\/salondulivrejeunesse.fr\/index.php\/wp-json\/wp\/v2\/pages\/6","targetHints":{"allow":["GET"]}}],"collection":[{"href":"https:\/\/salondulivrejeunesse.fr\/index.php\/wp-json\/wp\/v2\/pages"}],"about":[{"href":"https:\/\/salondulivrejeunesse.fr\/index.php\/wp-json\/wp\/v2\/types\/page"}],"author":[{"embeddable":true,"href":"https:\/\/salondulivrejeunesse.fr\/index.php\/wp-json\/wp\/v2\/users\/1"}],"replies":[{"embeddable":true,"href":"https:\/\/salondulivrejeunesse.fr\/index.php\/wp-json\/wp\/v2\/comments?post=6"}],"version-history":[{"count":49,"href":"https:\/\/salondulivrejeunesse.fr\/index.php\/wp-json\/wp\/v2\/pages\/6\/revisions"}],"predecessor-version":[{"id":5923,"href":"https:\/\/salondulivrejeunesse.fr\/index.php\/wp-json\/wp\/v2\/pages\/6\/revisions\/5923"}],"wp:attachment":[{"href":"https:\/\/salondulivrejeunesse.fr\/index.php\/wp-json\/wp\/v2\/media?parent=6"}],"wp:term":[{"taxonomy":"wf_page_folders","embeddable":true,"href":"https:\/\/salondulivrejeunesse.fr\/index.php\/wp-json\/wp\/v2\/wf_page_folders?post=6"}],"curies":[{"name":"wp","href":"https:\/\/api.w.org\/{rel}","templated":true}]}}