{"id":4173,"date":"2023-11-22T14:30:10","date_gmt":"2023-11-22T13:30:10","guid":{"rendered":"https:\/\/salondulivrejeunesse.fr\/?page_id=4173"},"modified":"2023-11-22T14:30:11","modified_gmt":"2023-11-22T13:30:11","slug":"edition-2023","status":"publish","type":"page","link":"https:\/\/salondulivrejeunesse.fr\/index.php\/edition-2023\/","title":{"rendered":"\u00c9dition 2023"},"content":{"rendered":"\n<h2 class=\"wp-block-heading\">Le programme<\/h2>\n\n\n<div style=\"text-align: center; width:480px; margin: 12px auto;\"><div style=\"margin: 4px 0px;\"><a href=\"http:\/\/calameo.com\/books\/006306995f204c406aeac\">View this publication on Calam&eacute;o<\/a><\/div><iframe src=\"\/\/v.calameo.com\/?bkcode=006306995f204c406aeac&amp;language=fr&amp;page=&amp;showsharemenu=true&amp;clickTo=public&amp;clickTarget=_self&amp;clickToUrl=&amp;autoFlip=0&amp;mode=mini&amp;wmode=transparent\" width=\"480\" height=\"300\" style=\"width:480px;height:300px\" frameborder=\"0\" scrolling=\"no\" allowtransparency allowfullscreen><\/iframe><div style=\"margin: 4px 0px; font-size: 90%;\"><a rel=\"nofollow\" href=\"http:\/\/calameo.com\/upload\">Publish<\/a> at <a href=\"http:\/\/calameo.com\">Calam&eacute;o<\/a> or <a href=\"http:\/\/calameo.com\/browse\/weekly\/?o=7&amp;w=DESC\">browse<\/a> the library.<\/div><\/div>\n\n\n\n<h2 class=\"wp-block-heading\">Galerie photos<\/h2>\n\n\n\n<figure class=\"wp-block-gallery has-nested-images columns-default is-cropped wp-block-gallery-1 is-layout-flex wp-block-gallery-is-layout-flex\">\n<figure class=\"wp-block-image size-large\"><img fetchpriority=\"high\" decoding=\"async\" width=\"768\" height=\"1024\" data-id=\"4174\" src=\"https:\/\/salondulivrejeunesse.fr\/wp-content\/uploads\/2023\/11\/2b5d66b9-e81a-43fa-b52f-c8bcf8de206e-768x1024.jpg\" alt=\"\" class=\"wp-image-4174\" srcset=\"https:\/\/salondulivrejeunesse.fr\/wp-content\/uploads\/2023\/11\/2b5d66b9-e81a-43fa-b52f-c8bcf8de206e-768x1024.jpg 768w, https:\/\/salondulivrejeunesse.fr\/wp-content\/uploads\/2023\/11\/2b5d66b9-e81a-43fa-b52f-c8bcf8de206e-225x300.jpg 225w, https:\/\/salondulivrejeunesse.fr\/wp-content\/uploads\/2023\/11\/2b5d66b9-e81a-43fa-b52f-c8bcf8de206e-1152x1536.jpg 1152w, https:\/\/salondulivrejeunesse.fr\/wp-content\/uploads\/2023\/11\/2b5d66b9-e81a-43fa-b52f-c8bcf8de206e.jpg 1200w\" sizes=\"(max-width: 768px) 100vw, 768px\" \/><figcaption class=\"wp-element-caption\">Emma Giuliani<\/figcaption><\/figure>\n\n\n\n<figure class=\"wp-block-image size-large\"><img decoding=\"async\" width=\"768\" height=\"1024\" data-id=\"4175\" src=\"https:\/\/salondulivrejeunesse.fr\/wp-content\/uploads\/2023\/11\/8ba6a38e-f2ab-4295-9893-25b2e3cdf41e-768x1024.jpg\" alt=\"\" class=\"wp-image-4175\" srcset=\"https:\/\/salondulivrejeunesse.fr\/wp-content\/uploads\/2023\/11\/8ba6a38e-f2ab-4295-9893-25b2e3cdf41e-768x1024.jpg 768w, https:\/\/salondulivrejeunesse.fr\/wp-content\/uploads\/2023\/11\/8ba6a38e-f2ab-4295-9893-25b2e3cdf41e-225x300.jpg 225w, https:\/\/salondulivrejeunesse.fr\/wp-content\/uploads\/2023\/11\/8ba6a38e-f2ab-4295-9893-25b2e3cdf41e-1152x1536.jpg 1152w, https:\/\/salondulivrejeunesse.fr\/wp-content\/uploads\/2023\/11\/8ba6a38e-f2ab-4295-9893-25b2e3cdf41e.jpg 1200w\" sizes=\"(max-width: 768px) 100vw, 768px\" \/><figcaption class=\"wp-element-caption\">Atelier cyanotype avec M\u00e9lanie Grandgirard<\/figcaption><\/figure>\n\n\n\n<figure class=\"wp-block-image size-full\"><img decoding=\"async\" width=\"768\" height=\"1024\" data-id=\"4176\" src=\"https:\/\/salondulivrejeunesse.fr\/wp-content\/uploads\/2023\/11\/7df51c87-160a-4640-9a95-dfcf0bc5a799.jpg\" alt=\"\" class=\"wp-image-4176\" srcset=\"https:\/\/salondulivrejeunesse.fr\/wp-content\/uploads\/2023\/11\/7df51c87-160a-4640-9a95-dfcf0bc5a799.jpg 768w, https:\/\/salondulivrejeunesse.fr\/wp-content\/uploads\/2023\/11\/7df51c87-160a-4640-9a95-dfcf0bc5a799-225x300.jpg 225w\" sizes=\"(max-width: 768px) 100vw, 768px\" \/><figcaption class=\"wp-element-caption\">M\u00e9lanie Grandgirard<\/figcaption><\/figure>\n\n\n\n<figure class=\"wp-block-image size-large\"><img loading=\"lazy\" decoding=\"async\" width=\"1024\" height=\"768\" data-id=\"4177\" src=\"https:\/\/salondulivrejeunesse.fr\/wp-content\/uploads\/2023\/11\/787e2291-7924-458a-bd45-93ec37e1b900-1024x768.jpg\" alt=\"\" class=\"wp-image-4177\" srcset=\"https:\/\/salondulivrejeunesse.fr\/wp-content\/uploads\/2023\/11\/787e2291-7924-458a-bd45-93ec37e1b900-1024x768.jpg 1024w, https:\/\/salondulivrejeunesse.fr\/wp-content\/uploads\/2023\/11\/787e2291-7924-458a-bd45-93ec37e1b900-300x225.jpg 300w, https:\/\/salondulivrejeunesse.fr\/wp-content\/uploads\/2023\/11\/787e2291-7924-458a-bd45-93ec37e1b900-768x576.jpg 768w, https:\/\/salondulivrejeunesse.fr\/wp-content\/uploads\/2023\/11\/787e2291-7924-458a-bd45-93ec37e1b900-1536x1152.jpg 1536w, https:\/\/salondulivrejeunesse.fr\/wp-content\/uploads\/2023\/11\/787e2291-7924-458a-bd45-93ec37e1b900.jpg 1600w\" sizes=\"(max-width: 1024px) 100vw, 1024px\" \/><figcaption class=\"wp-element-caption\">Expo \u00ab\u00a0Au pied de mon arbre\u00a0\u00bb<\/figcaption><\/figure>\n\n\n\n<figure class=\"wp-block-image size-large\"><img loading=\"lazy\" decoding=\"async\" width=\"1024\" height=\"768\" data-id=\"4178\" src=\"https:\/\/salondulivrejeunesse.fr\/wp-content\/uploads\/2023\/11\/59a7c631-a0c3-4aec-94c0-a4cee151a7af-1024x768.jpg\" alt=\"\" class=\"wp-image-4178\" srcset=\"https:\/\/salondulivrejeunesse.fr\/wp-content\/uploads\/2023\/11\/59a7c631-a0c3-4aec-94c0-a4cee151a7af-1024x768.jpg 1024w, https:\/\/salondulivrejeunesse.fr\/wp-content\/uploads\/2023\/11\/59a7c631-a0c3-4aec-94c0-a4cee151a7af-300x225.jpg 300w, https:\/\/salondulivrejeunesse.fr\/wp-content\/uploads\/2023\/11\/59a7c631-a0c3-4aec-94c0-a4cee151a7af-768x576.jpg 768w, https:\/\/salondulivrejeunesse.fr\/wp-content\/uploads\/2023\/11\/59a7c631-a0c3-4aec-94c0-a4cee151a7af-1536x1152.jpg 1536w, https:\/\/salondulivrejeunesse.fr\/wp-content\/uploads\/2023\/11\/59a7c631-a0c3-4aec-94c0-a4cee151a7af.jpg 2000w\" sizes=\"(max-width: 1024px) 100vw, 1024px\" \/><figcaption class=\"wp-element-caption\">Atelier-rencontre avec Sandra Le Guen<\/figcaption><\/figure>\n\n\n\n<figure class=\"wp-block-image size-large\"><img loading=\"lazy\" decoding=\"async\" width=\"1024\" height=\"461\" data-id=\"4179\" src=\"https:\/\/salondulivrejeunesse.fr\/wp-content\/uploads\/2023\/11\/c5ac5cd6-2868-4e62-aba2-06e096d847d2-1024x461.jpg\" alt=\"\" class=\"wp-image-4179\" srcset=\"https:\/\/salondulivrejeunesse.fr\/wp-content\/uploads\/2023\/11\/c5ac5cd6-2868-4e62-aba2-06e096d847d2-1024x461.jpg 1024w, https:\/\/salondulivrejeunesse.fr\/wp-content\/uploads\/2023\/11\/c5ac5cd6-2868-4e62-aba2-06e096d847d2-300x135.jpg 300w, https:\/\/salondulivrejeunesse.fr\/wp-content\/uploads\/2023\/11\/c5ac5cd6-2868-4e62-aba2-06e096d847d2-768x346.jpg 768w, https:\/\/salondulivrejeunesse.fr\/wp-content\/uploads\/2023\/11\/c5ac5cd6-2868-4e62-aba2-06e096d847d2-1536x691.jpg 1536w, https:\/\/salondulivrejeunesse.fr\/wp-content\/uploads\/2023\/11\/c5ac5cd6-2868-4e62-aba2-06e096d847d2.jpg 1600w\" sizes=\"(max-width: 1024px) 100vw, 1024px\" \/><figcaption class=\"wp-element-caption\">La boum avec DJ Benco<\/figcaption><\/figure>\n\n\n\n<figure class=\"wp-block-image size-large\"><img loading=\"lazy\" decoding=\"async\" width=\"1024\" height=\"1024\" data-id=\"4180\" src=\"https:\/\/salondulivrejeunesse.fr\/wp-content\/uploads\/2023\/11\/16bf8a57-a18e-4ef8-9177-be1821b5ceee-1024x1024.jpg\" alt=\"\" class=\"wp-image-4180\" srcset=\"https:\/\/salondulivrejeunesse.fr\/wp-content\/uploads\/2023\/11\/16bf8a57-a18e-4ef8-9177-be1821b5ceee-1024x1024.jpg 1024w, https:\/\/salondulivrejeunesse.fr\/wp-content\/uploads\/2023\/11\/16bf8a57-a18e-4ef8-9177-be1821b5ceee-300x300.jpg 300w, https:\/\/salondulivrejeunesse.fr\/wp-content\/uploads\/2023\/11\/16bf8a57-a18e-4ef8-9177-be1821b5ceee-150x150.jpg 150w, https:\/\/salondulivrejeunesse.fr\/wp-content\/uploads\/2023\/11\/16bf8a57-a18e-4ef8-9177-be1821b5ceee-768x768.jpg 768w, https:\/\/salondulivrejeunesse.fr\/wp-content\/uploads\/2023\/11\/16bf8a57-a18e-4ef8-9177-be1821b5ceee-1536x1536.jpg 1536w, https:\/\/salondulivrejeunesse.fr\/wp-content\/uploads\/2023\/11\/16bf8a57-a18e-4ef8-9177-be1821b5ceee.jpg 1552w\" sizes=\"(max-width: 1024px) 100vw, 1024px\" \/><figcaption class=\"wp-element-caption\">Atelier masque<\/figcaption><\/figure>\n\n\n\n<figure class=\"wp-block-image size-large\"><img loading=\"lazy\" decoding=\"async\" width=\"1024\" height=\"576\" data-id=\"4181\" src=\"https:\/\/salondulivrejeunesse.fr\/wp-content\/uploads\/2023\/11\/ef3d4929-dc89-4b90-8f98-ad71dbe477f9-1024x576.jpg\" alt=\"\" class=\"wp-image-4181\" srcset=\"https:\/\/salondulivrejeunesse.fr\/wp-content\/uploads\/2023\/11\/ef3d4929-dc89-4b90-8f98-ad71dbe477f9-1024x576.jpg 1024w, https:\/\/salondulivrejeunesse.fr\/wp-content\/uploads\/2023\/11\/ef3d4929-dc89-4b90-8f98-ad71dbe477f9-300x169.jpg 300w, https:\/\/salondulivrejeunesse.fr\/wp-content\/uploads\/2023\/11\/ef3d4929-dc89-4b90-8f98-ad71dbe477f9-768x432.jpg 768w, https:\/\/salondulivrejeunesse.fr\/wp-content\/uploads\/2023\/11\/ef3d4929-dc89-4b90-8f98-ad71dbe477f9.jpg 1336w\" sizes=\"(max-width: 1024px) 100vw, 1024px\" \/><figcaption class=\"wp-element-caption\">Matin\u00e9e petite enfance<\/figcaption><\/figure>\n\n\n\n<figure class=\"wp-block-image size-large\"><img loading=\"lazy\" decoding=\"async\" width=\"1024\" height=\"461\" data-id=\"4182\" src=\"https:\/\/salondulivrejeunesse.fr\/wp-content\/uploads\/2023\/11\/f1d0826e-a7f4-4813-9446-985886a3b6b4-1024x461.jpg\" alt=\"\" class=\"wp-image-4182\" srcset=\"https:\/\/salondulivrejeunesse.fr\/wp-content\/uploads\/2023\/11\/f1d0826e-a7f4-4813-9446-985886a3b6b4-1024x461.jpg 1024w, https:\/\/salondulivrejeunesse.fr\/wp-content\/uploads\/2023\/11\/f1d0826e-a7f4-4813-9446-985886a3b6b4-300x135.jpg 300w, https:\/\/salondulivrejeunesse.fr\/wp-content\/uploads\/2023\/11\/f1d0826e-a7f4-4813-9446-985886a3b6b4-768x346.jpg 768w, https:\/\/salondulivrejeunesse.fr\/wp-content\/uploads\/2023\/11\/f1d0826e-a7f4-4813-9446-985886a3b6b4-1536x691.jpg 1536w, https:\/\/salondulivrejeunesse.fr\/wp-content\/uploads\/2023\/11\/f1d0826e-a7f4-4813-9446-985886a3b6b4.jpg 1600w\" sizes=\"(max-width: 1024px) 100vw, 1024px\" \/><figcaption class=\"wp-element-caption\">Atelier avec Julien Billaudeau<\/figcaption><\/figure>\n\n\n\n<figure class=\"wp-block-image size-large\"><img loading=\"lazy\" decoding=\"async\" width=\"1024\" height=\"768\" data-id=\"4183\" src=\"https:\/\/salondulivrejeunesse.fr\/wp-content\/uploads\/2023\/11\/c0db817a-c7f0-4d66-ac19-1f3ed3220e82-1024x768.jpg\" alt=\"\" class=\"wp-image-4183\" srcset=\"https:\/\/salondulivrejeunesse.fr\/wp-content\/uploads\/2023\/11\/c0db817a-c7f0-4d66-ac19-1f3ed3220e82-1024x768.jpg 1024w, https:\/\/salondulivrejeunesse.fr\/wp-content\/uploads\/2023\/11\/c0db817a-c7f0-4d66-ac19-1f3ed3220e82-300x225.jpg 300w, https:\/\/salondulivrejeunesse.fr\/wp-content\/uploads\/2023\/11\/c0db817a-c7f0-4d66-ac19-1f3ed3220e82-768x576.jpg 768w, https:\/\/salondulivrejeunesse.fr\/wp-content\/uploads\/2023\/11\/c0db817a-c7f0-4d66-ac19-1f3ed3220e82-1536x1152.jpg 1536w, https:\/\/salondulivrejeunesse.fr\/wp-content\/uploads\/2023\/11\/c0db817a-c7f0-4d66-ac19-1f3ed3220e82.jpg 1600w\" sizes=\"(max-width: 1024px) 100vw, 1024px\" \/><figcaption class=\"wp-element-caption\">Expo \u00ab\u00a0Les univers de Peggy Nille\u00a0\u00bb<\/figcaption><\/figure>\n\n\n\n<figure class=\"wp-block-image size-full\"><img loading=\"lazy\" decoding=\"async\" width=\"768\" height=\"1024\" data-id=\"4184\" src=\"https:\/\/salondulivrejeunesse.fr\/wp-content\/uploads\/2023\/11\/916f6bec-7d07-4d5c-b67c-e793e72ccae0.jpg\" alt=\"\" class=\"wp-image-4184\" srcset=\"https:\/\/salondulivrejeunesse.fr\/wp-content\/uploads\/2023\/11\/916f6bec-7d07-4d5c-b67c-e793e72ccae0.jpg 768w, https:\/\/salondulivrejeunesse.fr\/wp-content\/uploads\/2023\/11\/916f6bec-7d07-4d5c-b67c-e793e72ccae0-225x300.jpg 225w\" sizes=\"(max-width: 768px) 100vw, 768px\" \/><figcaption class=\"wp-element-caption\">Chadia Loueslati<\/figcaption><\/figure>\n\n\n\n<figure class=\"wp-block-image size-large\"><img loading=\"lazy\" decoding=\"async\" width=\"1024\" height=\"766\" data-id=\"4185\" src=\"https:\/\/salondulivrejeunesse.fr\/wp-content\/uploads\/2023\/11\/da7ee784-d460-4966-b101-b57e375fdc4a-1024x766.jpg\" alt=\"\" class=\"wp-image-4185\" srcset=\"https:\/\/salondulivrejeunesse.fr\/wp-content\/uploads\/2023\/11\/da7ee784-d460-4966-b101-b57e375fdc4a-1024x766.jpg 1024w, https:\/\/salondulivrejeunesse.fr\/wp-content\/uploads\/2023\/11\/da7ee784-d460-4966-b101-b57e375fdc4a-300x224.jpg 300w, https:\/\/salondulivrejeunesse.fr\/wp-content\/uploads\/2023\/11\/da7ee784-d460-4966-b101-b57e375fdc4a-768x575.jpg 768w, https:\/\/salondulivrejeunesse.fr\/wp-content\/uploads\/2023\/11\/da7ee784-d460-4966-b101-b57e375fdc4a-1536x1149.jpg 1536w, https:\/\/salondulivrejeunesse.fr\/wp-content\/uploads\/2023\/11\/da7ee784-d460-4966-b101-b57e375fdc4a.jpg 1600w\" sizes=\"(max-width: 1024px) 100vw, 1024px\" \/><figcaption class=\"wp-element-caption\">Atelier carpe ko\u00ef<\/figcaption><\/figure>\n<\/figure>\n\n\n\n<p><\/p>\n\n\n\n<h2 class=\"wp-block-heading\">La presse en a parl\u00e9<\/h2>\n\n\n\n<ul class=\"wp-block-list\">\n<li>\u00ab\u00a0Salon du livre jeunesse de Foug\u00e8res : \u00ab La lecture, \u00e7a change des \u00e9crans pour les enfants ! \u00bb\u00a0\u00bb, <em>Ouest-France<\/em>, 18 novembre 2023.<\/li>\n<\/ul>\n\n\n\n<p><a href=\"https:\/\/www.ouest-france.fr\/bretagne\/fougeres-35300\/fougeres-la-lecture-ca-change-des-ecrans-pour-les-enfants-b89d5fe6-8624-11ee-9632-b62f00689e79\">www.ouest-france.fr\/bretagne\/fougeres-35300\/fougeres-la-lecture-ca-change-des-ecrans-pour-les-enfants<\/a><\/p>\n\n\n\n<ul class=\"wp-block-list\">\n<li>\u00ab\u00a0Cinq bonnes raisons d\u2019aller au Salon du livre jeunesse de Foug\u00e8res\u00a0\u00bb,<em> Ouest-France<\/em>, 15 novembre 2023.<\/li>\n<\/ul>\n\n\n\n<p><a href=\"https:\/\/www.ouest-france.fr\/bretagne\/fougeres-35300\/cinq-bonnes-raisons-daller-au-salon-du-livre-jeunesse-de-fougeres-767bf826-823b-11ee-a407-397218b61e71\">www.ouest-france.fr\/bretagne\/fougeres-35300\/cinq-bonnes-raisons-daller-au-salon-du-livre-jeunesse-de-fougeres<\/a><\/p>\n\n\n\n<ul class=\"wp-block-list\">\n<li>\u00ab Foug\u00e8res. Salon du livre jeunesse : une premi\u00e8re rencontre entre les auteurs et les jeunes\u00a0\u00bb, <em> Ouest-France<\/em>, 14 novembre 2023.<\/li>\n<\/ul>\n\n\n\n<p><a href=\"https:\/\/www.ouest-france.fr\/bretagne\/fougeres-35300\/fougeres-salon-du-livre-jeunesse-une-premiere-rencontre-entre-les-auteurs-et-les-jeunes-9950bb1c-82da-11ee-9b65-2282e6d4bdd9\">www.ouest-france.fr\/bretagne\/fougeres-35300\/fougeres-salon-du-livre-jeunesse-une-premiere-rencontre-entre-les-auteurs-et-les-jeunes<\/a><\/p>\n\n\n\n<ul class=\"wp-block-list\">\n<li>\u00ab\u00a0A Foug\u00e8res, le salon du livre jeunesse fait le plein\u00a0\u00bb, <em>La Chronique R\u00e9publicaine<\/em>, 18 novembre 2023.<\/li>\n<\/ul>\n\n\n\n<p><a href=\"https:\/\/actu.fr\/bretagne\/fougeres_35115\/a-fougeres-le-salon-du-livre-jeunesse-fait-le-plein_60352167.html\">actu.fr\/bretagne\/fougeres_35115\/a-fougeres-le-salon-du-livre-jeunesse-fait-le-plein<\/a><\/p>\n\n\n\n<p>  <\/p>\n\n\n\n<p> <\/p>\n\n\n\n<p> <\/p>\n","protected":false},"excerpt":{"rendered":"<p>Le programme Galerie photos La presse en a parl\u00e9 www.ouest-france.fr\/bretagne\/fougeres-35300\/fougeres-la-lecture-ca-change-des-ecrans-pour-les-enfants www.ouest-france.fr\/bretagne\/fougeres-35300\/cinq-bonnes-raisons-daller-au-salon-du-livre-jeunesse-de-fougeres www.ouest-france.fr\/bretagne\/fougeres-35300\/fougeres-salon-du-livre-jeunesse-une-premiere-rencontre-entre-les-auteurs-et-les-jeunes actu.fr\/bretagne\/fougeres_35115\/a-fougeres-le-salon-du-livre-jeunesse-fait-le-plein<\/p>\n","protected":false},"author":1,"featured_media":0,"parent":0,"menu_order":0,"comment_status":"closed","ping_status":"closed","template":"","meta":{"footnotes":""},"wf_page_folders":[8],"class_list":["post-4173","page","type-page","status-publish","hentry"],"yoast_head":"<!-- This site is optimized with the Yoast SEO plugin v26.1.1 - https:\/\/yoast.com\/wordpress\/plugins\/seo\/ -->\n<title>\u00c9dition 2023 - Salon du livre jeunesse de Foug\u00e8res Agglom\u00e9ration<\/title>\n<meta name=\"robots\" content=\"index, follow, max-snippet:-1, max-image-preview:large, max-video-preview:-1\" \/>\n<link rel=\"canonical\" href=\"https:\/\/salondulivrejeunesse.fr\/index.php\/edition-2023\/\" \/>\n<meta property=\"og:locale\" content=\"fr_FR\" \/>\n<meta property=\"og:type\" content=\"article\" \/>\n<meta property=\"og:title\" content=\"\u00c9dition 2023 - Salon du livre jeunesse de Foug\u00e8res Agglom\u00e9ration\" \/>\n<meta property=\"og:description\" content=\"Le programme Galerie photos La presse en a parl\u00e9 www.ouest-france.fr\/bretagne\/fougeres-35300\/fougeres-la-lecture-ca-change-des-ecrans-pour-les-enfants www.ouest-france.fr\/bretagne\/fougeres-35300\/cinq-bonnes-raisons-daller-au-salon-du-livre-jeunesse-de-fougeres www.ouest-france.fr\/bretagne\/fougeres-35300\/fougeres-salon-du-livre-jeunesse-une-premiere-rencontre-entre-les-auteurs-et-les-jeunes actu.fr\/bretagne\/fougeres_35115\/a-fougeres-le-salon-du-livre-jeunesse-fait-le-plein\" \/>\n<meta property=\"og:url\" content=\"https:\/\/salondulivrejeunesse.fr\/index.php\/edition-2023\/\" \/>\n<meta property=\"og:site_name\" content=\"Salon du livre jeunesse de Foug\u00e8res Agglom\u00e9ration\" \/>\n<meta property=\"article:publisher\" content=\"https:\/\/www.facebook.com\/salondulivrefougeresagglo\/?epa=SEARCH_BOX\" \/>\n<meta property=\"article:modified_time\" content=\"2023-11-22T13:30:11+00:00\" \/>\n<meta property=\"og:image\" content=\"https:\/\/salondulivrejeunesse.fr\/wp-content\/uploads\/2023\/11\/2b5d66b9-e81a-43fa-b52f-c8bcf8de206e-768x1024.jpg\" \/>\n<meta name=\"twitter:card\" content=\"summary_large_image\" \/>\n<meta name=\"twitter:label1\" content=\"Dur\u00e9e de lecture estim\u00e9e\" \/>\n\t<meta name=\"twitter:data1\" content=\"4 minutes\" \/>\n<script type=\"application\/ld+json\" class=\"yoast-schema-graph\">{\"@context\":\"https:\/\/schema.org\",\"@graph\":[{\"@type\":\"WebPage\",\"@id\":\"https:\/\/salondulivrejeunesse.fr\/index.php\/edition-2023\/\",\"url\":\"https:\/\/salondulivrejeunesse.fr\/index.php\/edition-2023\/\",\"name\":\"\u00c9dition 2023 - Salon du livre jeunesse de Foug\u00e8res Agglom\u00e9ration\",\"isPartOf\":{\"@id\":\"https:\/\/salondulivrejeunesse.fr\/#website\"},\"primaryImageOfPage\":{\"@id\":\"https:\/\/salondulivrejeunesse.fr\/index.php\/edition-2023\/#primaryimage\"},\"image\":{\"@id\":\"https:\/\/salondulivrejeunesse.fr\/index.php\/edition-2023\/#primaryimage\"},\"thumbnailUrl\":\"https:\/\/salondulivrejeunesse.fr\/wp-content\/uploads\/2023\/11\/2b5d66b9-e81a-43fa-b52f-c8bcf8de206e-768x1024.jpg\",\"datePublished\":\"2023-11-22T13:30:10+00:00\",\"dateModified\":\"2023-11-22T13:30:11+00:00\",\"breadcrumb\":{\"@id\":\"https:\/\/salondulivrejeunesse.fr\/index.php\/edition-2023\/#breadcrumb\"},\"inLanguage\":\"fr-FR\",\"potentialAction\":[{\"@type\":\"ReadAction\",\"target\":[\"https:\/\/salondulivrejeunesse.fr\/index.php\/edition-2023\/\"]}]},{\"@type\":\"ImageObject\",\"inLanguage\":\"fr-FR\",\"@id\":\"https:\/\/salondulivrejeunesse.fr\/index.php\/edition-2023\/#primaryimage\",\"url\":\"https:\/\/salondulivrejeunesse.fr\/wp-content\/uploads\/2023\/11\/2b5d66b9-e81a-43fa-b52f-c8bcf8de206e.jpg\",\"contentUrl\":\"https:\/\/salondulivrejeunesse.fr\/wp-content\/uploads\/2023\/11\/2b5d66b9-e81a-43fa-b52f-c8bcf8de206e.jpg\",\"width\":1200,\"height\":1600},{\"@type\":\"BreadcrumbList\",\"@id\":\"https:\/\/salondulivrejeunesse.fr\/index.php\/edition-2023\/#breadcrumb\",\"itemListElement\":[{\"@type\":\"ListItem\",\"position\":1,\"name\":\"Accueil\",\"item\":\"https:\/\/salondulivrejeunesse.fr\/\"},{\"@type\":\"ListItem\",\"position\":2,\"name\":\"\u00c9dition 2023\"}]},{\"@type\":\"WebSite\",\"@id\":\"https:\/\/salondulivrejeunesse.fr\/#website\",\"url\":\"https:\/\/salondulivrejeunesse.fr\/\",\"name\":\"Salon du livre jeunesse de Foug\u00e8res Agglom\u00e9ration\",\"description\":\"\",\"publisher\":{\"@id\":\"https:\/\/salondulivrejeunesse.fr\/#organization\"},\"potentialAction\":[{\"@type\":\"SearchAction\",\"target\":{\"@type\":\"EntryPoint\",\"urlTemplate\":\"https:\/\/salondulivrejeunesse.fr\/?s={search_term_string}\"},\"query-input\":{\"@type\":\"PropertyValueSpecification\",\"valueRequired\":true,\"valueName\":\"search_term_string\"}}],\"inLanguage\":\"fr-FR\"},{\"@type\":\"Organization\",\"@id\":\"https:\/\/salondulivrejeunesse.fr\/#organization\",\"name\":\"Foug\u00e8res Agglom\u00e9ration\",\"url\":\"https:\/\/salondulivrejeunesse.fr\/\",\"logo\":{\"@type\":\"ImageObject\",\"inLanguage\":\"fr-FR\",\"@id\":\"https:\/\/salondulivrejeunesse.fr\/#\/schema\/logo\/image\/\",\"url\":\"https:\/\/salondulivrejeunesse.fr\/wp-content\/uploads\/2020\/06\/20190101_FA_Logo_1_Coul_Bleu-scaled.jpg\",\"contentUrl\":\"https:\/\/salondulivrejeunesse.fr\/wp-content\/uploads\/2020\/06\/20190101_FA_Logo_1_Coul_Bleu-scaled.jpg\",\"width\":2560,\"height\":937,\"caption\":\"Foug\u00e8res Agglom\u00e9ration\"},\"image\":{\"@id\":\"https:\/\/salondulivrejeunesse.fr\/#\/schema\/logo\/image\/\"},\"sameAs\":[\"https:\/\/www.facebook.com\/salondulivrefougeresagglo\/?epa=SEARCH_BOX\"]}]}<\/script>\n<!-- \/ Yoast SEO plugin. -->","yoast_head_json":{"title":"\u00c9dition 2023 - Salon du livre jeunesse de Foug\u00e8res Agglom\u00e9ration","robots":{"index":"index","follow":"follow","max-snippet":"max-snippet:-1","max-image-preview":"max-image-preview:large","max-video-preview":"max-video-preview:-1"},"canonical":"https:\/\/salondulivrejeunesse.fr\/index.php\/edition-2023\/","og_locale":"fr_FR","og_type":"article","og_title":"\u00c9dition 2023 - Salon du livre jeunesse de Foug\u00e8res Agglom\u00e9ration","og_description":"Le programme Galerie photos La presse en a parl\u00e9 www.ouest-france.fr\/bretagne\/fougeres-35300\/fougeres-la-lecture-ca-change-des-ecrans-pour-les-enfants www.ouest-france.fr\/bretagne\/fougeres-35300\/cinq-bonnes-raisons-daller-au-salon-du-livre-jeunesse-de-fougeres www.ouest-france.fr\/bretagne\/fougeres-35300\/fougeres-salon-du-livre-jeunesse-une-premiere-rencontre-entre-les-auteurs-et-les-jeunes actu.fr\/bretagne\/fougeres_35115\/a-fougeres-le-salon-du-livre-jeunesse-fait-le-plein","og_url":"https:\/\/salondulivrejeunesse.fr\/index.php\/edition-2023\/","og_site_name":"Salon du livre jeunesse de Foug\u00e8res Agglom\u00e9ration","article_publisher":"https:\/\/www.facebook.com\/salondulivrefougeresagglo\/?epa=SEARCH_BOX","article_modified_time":"2023-11-22T13:30:11+00:00","og_image":[{"url":"https:\/\/salondulivrejeunesse.fr\/wp-content\/uploads\/2023\/11\/2b5d66b9-e81a-43fa-b52f-c8bcf8de206e-768x1024.jpg","type":"","width":"","height":""}],"twitter_card":"summary_large_image","twitter_misc":{"Dur\u00e9e de lecture estim\u00e9e":"4 minutes"},"schema":{"@context":"https:\/\/schema.org","@graph":[{"@type":"WebPage","@id":"https:\/\/salondulivrejeunesse.fr\/index.php\/edition-2023\/","url":"https:\/\/salondulivrejeunesse.fr\/index.php\/edition-2023\/","name":"\u00c9dition 2023 - Salon du livre jeunesse de Foug\u00e8res Agglom\u00e9ration","isPartOf":{"@id":"https:\/\/salondulivrejeunesse.fr\/#website"},"primaryImageOfPage":{"@id":"https:\/\/salondulivrejeunesse.fr\/index.php\/edition-2023\/#primaryimage"},"image":{"@id":"https:\/\/salondulivrejeunesse.fr\/index.php\/edition-2023\/#primaryimage"},"thumbnailUrl":"https:\/\/salondulivrejeunesse.fr\/wp-content\/uploads\/2023\/11\/2b5d66b9-e81a-43fa-b52f-c8bcf8de206e-768x1024.jpg","datePublished":"2023-11-22T13:30:10+00:00","dateModified":"2023-11-22T13:30:11+00:00","breadcrumb":{"@id":"https:\/\/salondulivrejeunesse.fr\/index.php\/edition-2023\/#breadcrumb"},"inLanguage":"fr-FR","potentialAction":[{"@type":"ReadAction","target":["https:\/\/salondulivrejeunesse.fr\/index.php\/edition-2023\/"]}]},{"@type":"ImageObject","inLanguage":"fr-FR","@id":"https:\/\/salondulivrejeunesse.fr\/index.php\/edition-2023\/#primaryimage","url":"https:\/\/salondulivrejeunesse.fr\/wp-content\/uploads\/2023\/11\/2b5d66b9-e81a-43fa-b52f-c8bcf8de206e.jpg","contentUrl":"https:\/\/salondulivrejeunesse.fr\/wp-content\/uploads\/2023\/11\/2b5d66b9-e81a-43fa-b52f-c8bcf8de206e.jpg","width":1200,"height":1600},{"@type":"BreadcrumbList","@id":"https:\/\/salondulivrejeunesse.fr\/index.php\/edition-2023\/#breadcrumb","itemListElement":[{"@type":"ListItem","position":1,"name":"Accueil","item":"https:\/\/salondulivrejeunesse.fr\/"},{"@type":"ListItem","position":2,"name":"\u00c9dition 2023"}]},{"@type":"WebSite","@id":"https:\/\/salondulivrejeunesse.fr\/#website","url":"https:\/\/salondulivrejeunesse.fr\/","name":"Salon du livre jeunesse de Foug\u00e8res Agglom\u00e9ration","description":"","publisher":{"@id":"https:\/\/salondulivrejeunesse.fr\/#organization"},"potentialAction":[{"@type":"SearchAction","target":{"@type":"EntryPoint","urlTemplate":"https:\/\/salondulivrejeunesse.fr\/?s={search_term_string}"},"query-input":{"@type":"PropertyValueSpecification","valueRequired":true,"valueName":"search_term_string"}}],"inLanguage":"fr-FR"},{"@type":"Organization","@id":"https:\/\/salondulivrejeunesse.fr\/#organization","name":"Foug\u00e8res Agglom\u00e9ration","url":"https:\/\/salondulivrejeunesse.fr\/","logo":{"@type":"ImageObject","inLanguage":"fr-FR","@id":"https:\/\/salondulivrejeunesse.fr\/#\/schema\/logo\/image\/","url":"https:\/\/salondulivrejeunesse.fr\/wp-content\/uploads\/2020\/06\/20190101_FA_Logo_1_Coul_Bleu-scaled.jpg","contentUrl":"https:\/\/salondulivrejeunesse.fr\/wp-content\/uploads\/2020\/06\/20190101_FA_Logo_1_Coul_Bleu-scaled.jpg","width":2560,"height":937,"caption":"Foug\u00e8res Agglom\u00e9ration"},"image":{"@id":"https:\/\/salondulivrejeunesse.fr\/#\/schema\/logo\/image\/"},"sameAs":["https:\/\/www.facebook.com\/salondulivrefougeresagglo\/?epa=SEARCH_BOX"]}]}},"jetpack_sharing_enabled":true,"_links":{"self":[{"href":"https:\/\/salondulivrejeunesse.fr\/index.php\/wp-json\/wp\/v2\/pages\/4173","targetHints":{"allow":["GET"]}}],"collection":[{"href":"https:\/\/salondulivrejeunesse.fr\/index.php\/wp-json\/wp\/v2\/pages"}],"about":[{"href":"https:\/\/salondulivrejeunesse.fr\/index.php\/wp-json\/wp\/v2\/types\/page"}],"author":[{"embeddable":true,"href":"https:\/\/salondulivrejeunesse.fr\/index.php\/wp-json\/wp\/v2\/users\/1"}],"replies":[{"embeddable":true,"href":"https:\/\/salondulivrejeunesse.fr\/index.php\/wp-json\/wp\/v2\/comments?post=4173"}],"version-history":[{"count":3,"href":"https:\/\/salondulivrejeunesse.fr\/index.php\/wp-json\/wp\/v2\/pages\/4173\/revisions"}],"predecessor-version":[{"id":4188,"href":"https:\/\/salondulivrejeunesse.fr\/index.php\/wp-json\/wp\/v2\/pages\/4173\/revisions\/4188"}],"wp:attachment":[{"href":"https:\/\/salondulivrejeunesse.fr\/index.php\/wp-json\/wp\/v2\/media?parent=4173"}],"wp:term":[{"taxonomy":"wf_page_folders","embeddable":true,"href":"https:\/\/salondulivrejeunesse.fr\/index.php\/wp-json\/wp\/v2\/wf_page_folders?post=4173"}],"curies":[{"name":"wp","href":"https:\/\/api.w.org\/{rel}","templated":true}]}}