{"id":2253,"date":"2022-11-04T14:10:13","date_gmt":"2022-11-04T13:10:13","guid":{"rendered":"https:\/\/salondulivrejeunesse.fr\/?page_id=2253"},"modified":"2025-11-06T14:52:34","modified_gmt":"2025-11-06T13:52:34","slug":"matinee-petite-enfance","status":"publish","type":"page","link":"https:\/\/salondulivrejeunesse.fr\/index.php\/matinee-petite-enfance\/","title":{"rendered":"Matin\u00e9e petite enfance"},"content":{"rendered":"\n<h2 class=\"wp-block-heading\">Vendredi 14 novembre 2025<\/h2>\n\n\n\n<p class=\"has-text-align-justify\">La matin\u00e9e Petite enfance au Salon du livre jeunesse \u00e0 l\u2019Espace Aumaillerie est ouverte aux assistant(e)s maternel(le)s, aux structures multi-accueil, aux parents et leurs b\u00e9b\u00e9s.<br>Animation gratuite \u00e0 destination des tout-petits (0-3 ans)<br>N.B. : Les animations <strong>commencent \u00e0 l\u2019heure<\/strong>.<\/p>\n\n\n\n<figure class=\"wp-block-gallery has-nested-images columns-default is-cropped wp-block-gallery-1 is-layout-flex wp-block-gallery-is-layout-flex\">\n<figure class=\"wp-block-image size-large\"><img fetchpriority=\"high\" decoding=\"async\" width=\"724\" height=\"1024\" data-id=\"5907\" src=\"https:\/\/salondulivrejeunesse.fr\/wp-content\/uploads\/2025\/11\/vp0I-DUSbcKm-724x1024.png\" alt=\"\" class=\"wp-image-5907\" srcset=\"https:\/\/salondulivrejeunesse.fr\/wp-content\/uploads\/2025\/11\/vp0I-DUSbcKm-724x1024.png 724w, https:\/\/salondulivrejeunesse.fr\/wp-content\/uploads\/2025\/11\/vp0I-DUSbcKm-212x300.png 212w, https:\/\/salondulivrejeunesse.fr\/wp-content\/uploads\/2025\/11\/vp0I-DUSbcKm-768x1086.png 768w, https:\/\/salondulivrejeunesse.fr\/wp-content\/uploads\/2025\/11\/vp0I-DUSbcKm-1086x1536.png 1086w, https:\/\/salondulivrejeunesse.fr\/wp-content\/uploads\/2025\/11\/vp0I-DUSbcKm.png 1414w\" sizes=\"(max-width: 724px) 100vw, 724px\" \/><\/figure>\n<\/figure>\n\n\n\n<div style=\"height:32px\" aria-hidden=\"true\" class=\"wp-block-spacer\"><\/div>\n\n\n\n<p class=\"has-text-align-justify\">Les inscriptions seront ouvertes le <strong>vendredi 7 novembre<\/strong> \u00e0 partir de <strong>13h30<\/strong>.<\/p>\n\n\n\n<p>Une fois votre inscription valid\u00e9e, nous reviendrons vers vous pour vous communiquer votre session sous une semaine.&nbsp;<\/p>\n\n\n\n<p>Si nous n&rsquo;avons pas pu vous attribuer de session, vous en serez inform\u00e9s et serez sur liste d&rsquo;attente.<\/p>\n\n\n\n<div class=\"wp-block-buttons is-content-justification-center is-layout-flex wp-container-core-buttons-is-layout-a89b3969 wp-block-buttons-is-layout-flex\">\n<div class=\"wp-block-button is-style-fill\"><a class=\"wp-block-button__link has-text-align-center wp-element-button\" href=\"https:\/\/mediatheques.fougeres-agglo.bzh\/Default\/doc\/CALENDAR\/1634\/matinee-petite-enfance\"><strong>Cliquez ici pour vous inscrire \u00e0 partir du 7 novembre<\/strong><\/a><\/div>\n<\/div>\n\n\n\n<div style=\"height:100px\" aria-hidden=\"true\" class=\"wp-block-spacer\"><\/div>\n","protected":false},"excerpt":{"rendered":"<p>Vendredi 14 novembre 2025 La matin\u00e9e Petite enfance au Salon du livre jeunesse \u00e0 l\u2019Espace Aumaillerie est ouverte aux assistant(e)s maternel(le)s, aux structures multi-accueil, aux parents et leurs b\u00e9b\u00e9s.Animation gratuite \u00e0 destination des tout-petits (0-3 ans)N.B. : Les animations commencent \u00e0 l\u2019heure. Les inscriptions seront ouvertes le vendredi 7 novembre [&hellip;]<\/p>\n","protected":false},"author":1,"featured_media":0,"parent":0,"menu_order":0,"comment_status":"closed","ping_status":"closed","template":"","meta":{"footnotes":""},"wf_page_folders":[10],"class_list":["post-2253","page","type-page","status-publish","hentry"],"yoast_head":"<!-- This site is optimized with the Yoast SEO plugin v26.1.1 - https:\/\/yoast.com\/wordpress\/plugins\/seo\/ -->\n<title>Matin\u00e9e petite enfance - Salon du livre jeunesse de Foug\u00e8res Agglom\u00e9ration<\/title>\n<meta name=\"robots\" content=\"index, follow, max-snippet:-1, max-image-preview:large, max-video-preview:-1\" \/>\n<link rel=\"canonical\" href=\"https:\/\/salondulivrejeunesse.fr\/index.php\/matinee-petite-enfance\/\" \/>\n<meta property=\"og:locale\" content=\"fr_FR\" \/>\n<meta property=\"og:type\" content=\"article\" \/>\n<meta property=\"og:title\" content=\"Matin\u00e9e petite enfance - Salon du livre jeunesse de Foug\u00e8res Agglom\u00e9ration\" \/>\n<meta property=\"og:description\" content=\"Vendredi 14 novembre 2025 La matin\u00e9e Petite enfance au Salon du livre jeunesse \u00e0 l\u2019Espace Aumaillerie est ouverte aux assistant(e)s maternel(le)s, aux structures multi-accueil, aux parents et leurs b\u00e9b\u00e9s.Animation gratuite \u00e0 destination des tout-petits (0-3 ans)N.B. : Les animations commencent \u00e0 l\u2019heure. Les inscriptions seront ouvertes le vendredi 7 novembre [&hellip;]\" \/>\n<meta property=\"og:url\" content=\"https:\/\/salondulivrejeunesse.fr\/index.php\/matinee-petite-enfance\/\" \/>\n<meta property=\"og:site_name\" content=\"Salon du livre jeunesse de Foug\u00e8res Agglom\u00e9ration\" \/>\n<meta property=\"article:publisher\" content=\"https:\/\/www.facebook.com\/salondulivrefougeresagglo\/?epa=SEARCH_BOX\" \/>\n<meta property=\"article:modified_time\" content=\"2025-11-06T13:52:34+00:00\" \/>\n<meta property=\"og:image\" content=\"https:\/\/salondulivrejeunesse.fr\/wp-content\/uploads\/2025\/11\/vp0I-DUSbcKm.png\" \/>\n\t<meta property=\"og:image:width\" content=\"1414\" \/>\n\t<meta property=\"og:image:height\" content=\"2000\" \/>\n\t<meta property=\"og:image:type\" content=\"image\/png\" \/>\n<meta name=\"twitter:card\" content=\"summary_large_image\" \/>\n<meta name=\"twitter:label1\" content=\"Dur\u00e9e de lecture estim\u00e9e\" \/>\n\t<meta name=\"twitter:data1\" content=\"1 minute\" \/>\n<script type=\"application\/ld+json\" class=\"yoast-schema-graph\">{\"@context\":\"https:\/\/schema.org\",\"@graph\":[{\"@type\":\"WebPage\",\"@id\":\"https:\/\/salondulivrejeunesse.fr\/index.php\/matinee-petite-enfance\/\",\"url\":\"https:\/\/salondulivrejeunesse.fr\/index.php\/matinee-petite-enfance\/\",\"name\":\"Matin\u00e9e petite enfance - Salon du livre jeunesse de Foug\u00e8res Agglom\u00e9ration\",\"isPartOf\":{\"@id\":\"https:\/\/salondulivrejeunesse.fr\/#website\"},\"primaryImageOfPage\":{\"@id\":\"https:\/\/salondulivrejeunesse.fr\/index.php\/matinee-petite-enfance\/#primaryimage\"},\"image\":{\"@id\":\"https:\/\/salondulivrejeunesse.fr\/index.php\/matinee-petite-enfance\/#primaryimage\"},\"thumbnailUrl\":\"https:\/\/salondulivrejeunesse.fr\/wp-content\/uploads\/2025\/11\/vp0I-DUSbcKm-724x1024.png\",\"datePublished\":\"2022-11-04T13:10:13+00:00\",\"dateModified\":\"2025-11-06T13:52:34+00:00\",\"breadcrumb\":{\"@id\":\"https:\/\/salondulivrejeunesse.fr\/index.php\/matinee-petite-enfance\/#breadcrumb\"},\"inLanguage\":\"fr-FR\",\"potentialAction\":[{\"@type\":\"ReadAction\",\"target\":[\"https:\/\/salondulivrejeunesse.fr\/index.php\/matinee-petite-enfance\/\"]}]},{\"@type\":\"ImageObject\",\"inLanguage\":\"fr-FR\",\"@id\":\"https:\/\/salondulivrejeunesse.fr\/index.php\/matinee-petite-enfance\/#primaryimage\",\"url\":\"https:\/\/salondulivrejeunesse.fr\/wp-content\/uploads\/2025\/11\/vp0I-DUSbcKm.png\",\"contentUrl\":\"https:\/\/salondulivrejeunesse.fr\/wp-content\/uploads\/2025\/11\/vp0I-DUSbcKm.png\",\"width\":1414,\"height\":2000},{\"@type\":\"BreadcrumbList\",\"@id\":\"https:\/\/salondulivrejeunesse.fr\/index.php\/matinee-petite-enfance\/#breadcrumb\",\"itemListElement\":[{\"@type\":\"ListItem\",\"position\":1,\"name\":\"Accueil\",\"item\":\"https:\/\/salondulivrejeunesse.fr\/\"},{\"@type\":\"ListItem\",\"position\":2,\"name\":\"Matin\u00e9e petite enfance\"}]},{\"@type\":\"WebSite\",\"@id\":\"https:\/\/salondulivrejeunesse.fr\/#website\",\"url\":\"https:\/\/salondulivrejeunesse.fr\/\",\"name\":\"Salon du livre jeunesse de Foug\u00e8res Agglom\u00e9ration\",\"description\":\"\",\"publisher\":{\"@id\":\"https:\/\/salondulivrejeunesse.fr\/#organization\"},\"potentialAction\":[{\"@type\":\"SearchAction\",\"target\":{\"@type\":\"EntryPoint\",\"urlTemplate\":\"https:\/\/salondulivrejeunesse.fr\/?s={search_term_string}\"},\"query-input\":{\"@type\":\"PropertyValueSpecification\",\"valueRequired\":true,\"valueName\":\"search_term_string\"}}],\"inLanguage\":\"fr-FR\"},{\"@type\":\"Organization\",\"@id\":\"https:\/\/salondulivrejeunesse.fr\/#organization\",\"name\":\"Foug\u00e8res Agglom\u00e9ration\",\"url\":\"https:\/\/salondulivrejeunesse.fr\/\",\"logo\":{\"@type\":\"ImageObject\",\"inLanguage\":\"fr-FR\",\"@id\":\"https:\/\/salondulivrejeunesse.fr\/#\/schema\/logo\/image\/\",\"url\":\"https:\/\/salondulivrejeunesse.fr\/wp-content\/uploads\/2020\/06\/20190101_FA_Logo_1_Coul_Bleu-scaled.jpg\",\"contentUrl\":\"https:\/\/salondulivrejeunesse.fr\/wp-content\/uploads\/2020\/06\/20190101_FA_Logo_1_Coul_Bleu-scaled.jpg\",\"width\":2560,\"height\":937,\"caption\":\"Foug\u00e8res Agglom\u00e9ration\"},\"image\":{\"@id\":\"https:\/\/salondulivrejeunesse.fr\/#\/schema\/logo\/image\/\"},\"sameAs\":[\"https:\/\/www.facebook.com\/salondulivrefougeresagglo\/?epa=SEARCH_BOX\"]}]}<\/script>\n<!-- \/ Yoast SEO plugin. -->","yoast_head_json":{"title":"Matin\u00e9e petite enfance - Salon du livre jeunesse de Foug\u00e8res Agglom\u00e9ration","robots":{"index":"index","follow":"follow","max-snippet":"max-snippet:-1","max-image-preview":"max-image-preview:large","max-video-preview":"max-video-preview:-1"},"canonical":"https:\/\/salondulivrejeunesse.fr\/index.php\/matinee-petite-enfance\/","og_locale":"fr_FR","og_type":"article","og_title":"Matin\u00e9e petite enfance - Salon du livre jeunesse de Foug\u00e8res Agglom\u00e9ration","og_description":"Vendredi 14 novembre 2025 La matin\u00e9e Petite enfance au Salon du livre jeunesse \u00e0 l\u2019Espace Aumaillerie est ouverte aux assistant(e)s maternel(le)s, aux structures multi-accueil, aux parents et leurs b\u00e9b\u00e9s.Animation gratuite \u00e0 destination des tout-petits (0-3 ans)N.B. : Les animations commencent \u00e0 l\u2019heure. Les inscriptions seront ouvertes le vendredi 7 novembre [&hellip;]","og_url":"https:\/\/salondulivrejeunesse.fr\/index.php\/matinee-petite-enfance\/","og_site_name":"Salon du livre jeunesse de Foug\u00e8res Agglom\u00e9ration","article_publisher":"https:\/\/www.facebook.com\/salondulivrefougeresagglo\/?epa=SEARCH_BOX","article_modified_time":"2025-11-06T13:52:34+00:00","og_image":[{"width":1414,"height":2000,"url":"https:\/\/salondulivrejeunesse.fr\/wp-content\/uploads\/2025\/11\/vp0I-DUSbcKm.png","type":"image\/png"}],"twitter_card":"summary_large_image","twitter_misc":{"Dur\u00e9e de lecture estim\u00e9e":"1 minute"},"schema":{"@context":"https:\/\/schema.org","@graph":[{"@type":"WebPage","@id":"https:\/\/salondulivrejeunesse.fr\/index.php\/matinee-petite-enfance\/","url":"https:\/\/salondulivrejeunesse.fr\/index.php\/matinee-petite-enfance\/","name":"Matin\u00e9e petite enfance - Salon du livre jeunesse de Foug\u00e8res Agglom\u00e9ration","isPartOf":{"@id":"https:\/\/salondulivrejeunesse.fr\/#website"},"primaryImageOfPage":{"@id":"https:\/\/salondulivrejeunesse.fr\/index.php\/matinee-petite-enfance\/#primaryimage"},"image":{"@id":"https:\/\/salondulivrejeunesse.fr\/index.php\/matinee-petite-enfance\/#primaryimage"},"thumbnailUrl":"https:\/\/salondulivrejeunesse.fr\/wp-content\/uploads\/2025\/11\/vp0I-DUSbcKm-724x1024.png","datePublished":"2022-11-04T13:10:13+00:00","dateModified":"2025-11-06T13:52:34+00:00","breadcrumb":{"@id":"https:\/\/salondulivrejeunesse.fr\/index.php\/matinee-petite-enfance\/#breadcrumb"},"inLanguage":"fr-FR","potentialAction":[{"@type":"ReadAction","target":["https:\/\/salondulivrejeunesse.fr\/index.php\/matinee-petite-enfance\/"]}]},{"@type":"ImageObject","inLanguage":"fr-FR","@id":"https:\/\/salondulivrejeunesse.fr\/index.php\/matinee-petite-enfance\/#primaryimage","url":"https:\/\/salondulivrejeunesse.fr\/wp-content\/uploads\/2025\/11\/vp0I-DUSbcKm.png","contentUrl":"https:\/\/salondulivrejeunesse.fr\/wp-content\/uploads\/2025\/11\/vp0I-DUSbcKm.png","width":1414,"height":2000},{"@type":"BreadcrumbList","@id":"https:\/\/salondulivrejeunesse.fr\/index.php\/matinee-petite-enfance\/#breadcrumb","itemListElement":[{"@type":"ListItem","position":1,"name":"Accueil","item":"https:\/\/salondulivrejeunesse.fr\/"},{"@type":"ListItem","position":2,"name":"Matin\u00e9e petite enfance"}]},{"@type":"WebSite","@id":"https:\/\/salondulivrejeunesse.fr\/#website","url":"https:\/\/salondulivrejeunesse.fr\/","name":"Salon du livre jeunesse de Foug\u00e8res Agglom\u00e9ration","description":"","publisher":{"@id":"https:\/\/salondulivrejeunesse.fr\/#organization"},"potentialAction":[{"@type":"SearchAction","target":{"@type":"EntryPoint","urlTemplate":"https:\/\/salondulivrejeunesse.fr\/?s={search_term_string}"},"query-input":{"@type":"PropertyValueSpecification","valueRequired":true,"valueName":"search_term_string"}}],"inLanguage":"fr-FR"},{"@type":"Organization","@id":"https:\/\/salondulivrejeunesse.fr\/#organization","name":"Foug\u00e8res Agglom\u00e9ration","url":"https:\/\/salondulivrejeunesse.fr\/","logo":{"@type":"ImageObject","inLanguage":"fr-FR","@id":"https:\/\/salondulivrejeunesse.fr\/#\/schema\/logo\/image\/","url":"https:\/\/salondulivrejeunesse.fr\/wp-content\/uploads\/2020\/06\/20190101_FA_Logo_1_Coul_Bleu-scaled.jpg","contentUrl":"https:\/\/salondulivrejeunesse.fr\/wp-content\/uploads\/2020\/06\/20190101_FA_Logo_1_Coul_Bleu-scaled.jpg","width":2560,"height":937,"caption":"Foug\u00e8res Agglom\u00e9ration"},"image":{"@id":"https:\/\/salondulivrejeunesse.fr\/#\/schema\/logo\/image\/"},"sameAs":["https:\/\/www.facebook.com\/salondulivrefougeresagglo\/?epa=SEARCH_BOX"]}]}},"jetpack_sharing_enabled":true,"_links":{"self":[{"href":"https:\/\/salondulivrejeunesse.fr\/index.php\/wp-json\/wp\/v2\/pages\/2253","targetHints":{"allow":["GET"]}}],"collection":[{"href":"https:\/\/salondulivrejeunesse.fr\/index.php\/wp-json\/wp\/v2\/pages"}],"about":[{"href":"https:\/\/salondulivrejeunesse.fr\/index.php\/wp-json\/wp\/v2\/types\/page"}],"author":[{"embeddable":true,"href":"https:\/\/salondulivrejeunesse.fr\/index.php\/wp-json\/wp\/v2\/users\/1"}],"replies":[{"embeddable":true,"href":"https:\/\/salondulivrejeunesse.fr\/index.php\/wp-json\/wp\/v2\/comments?post=2253"}],"version-history":[{"count":21,"href":"https:\/\/salondulivrejeunesse.fr\/index.php\/wp-json\/wp\/v2\/pages\/2253\/revisions"}],"predecessor-version":[{"id":5917,"href":"https:\/\/salondulivrejeunesse.fr\/index.php\/wp-json\/wp\/v2\/pages\/2253\/revisions\/5917"}],"wp:attachment":[{"href":"https:\/\/salondulivrejeunesse.fr\/index.php\/wp-json\/wp\/v2\/media?parent=2253"}],"wp:term":[{"taxonomy":"wf_page_folders","embeddable":true,"href":"https:\/\/salondulivrejeunesse.fr\/index.php\/wp-json\/wp\/v2\/wf_page_folders?post=2253"}],"curies":[{"name":"wp","href":"https:\/\/api.w.org\/{rel}","templated":true}]}}